{"id":775,"date":"2022-11-18T10:36:46","date_gmt":"2022-11-18T10:36:46","guid":{"rendered":"http:\/\/deskflex-europe.eu\/?page_id=775"},"modified":"2023-04-18T07:41:16","modified_gmt":"2023-04-18T07:41:16","slug":"multi-screen-arbeitsplaetze","status":"publish","type":"page","link":"https:\/\/deskflex-europe.eu\/en\/multi-screen-arbeitsplaetze","title":{"rendered":"Multi-Screen-Arbeitspl\u00e4tze"},"content":{"rendered":"<p>[et_pb_section fb_built=&#8221;1&#8243; admin_label=&#8221;ENGLISCH &#8211; Das modulare System f\u00fcr Multi-Screen-Arbeitspl\u00e4tze&#8221; module_id=&#8221;modular_en&#8221; _builder_version=&#8221;4.20.2&#8243; _module_preset=&#8221;default&#8221; background_image=&#8221;https:\/\/deskflex-europe.eu\/wp-content\/uploads\/2022\/11\/3.jpg&#8221; min_height=&#8221;1000px&#8221; global_colors_info=&#8221;{}&#8221;][et_pb_row column_structure=&#8221;1_3,1_3,1_3&#8243; _builder_version=&#8221;4.19.0&#8243; _module_preset=&#8221;default&#8221; max_width=&#8221;1600px&#8221; global_colors_info=&#8221;{}&#8221;][et_pb_column type=&#8221;1_3&#8243; _builder_version=&#8221;4.19.0&#8243; _module_preset=&#8221;default&#8221; global_colors_info=&#8221;{}&#8221;][et_pb_text _builder_version=&#8221;4.19.0&#8243; _module_preset=&#8221;default&#8221; header_font=&#8221;|||on|||||&#8221; header_text_color=&#8221;#FFFFFF&#8221; header_font_size=&#8221;40px&#8221; background_color=&#8221;#2f3e4f&#8221; custom_margin=&#8221;||-2px|||&#8221; header_text_color_tablet=&#8221;#2f3e4f&#8221; header_text_color_phone=&#8221;#FFFFFF&#8221; header_text_color_last_edited=&#8221;on|desktop&#8221; header_font_size_tablet=&#8221;40px&#8221; header_font_size_phone=&#8221;30px&#8221; header_font_size_last_edited=&#8221;on|phone&#8221; border_width_top=&#8221;6px&#8221; border_color_top=&#8221;#2f3e4f&#8221; border_width_left=&#8221;10px&#8221; border_color_left=&#8221;#2f3e4f&#8221; global_colors_info=&#8221;{}&#8221;]<\/p>\n<h1><b>Desk<em>flex<\/em><br \/>\n<\/b><\/h1>\n<p>[\/et_pb_text][et_pb_text content_tablet=&#8221;<\/p>\n<h2>Das modulare System f\u00fcr Multi-Screen-Arbeitspl\u00e4tze<\/h2>\n<p>f\u00fcr Leitstand, Kontroll- und Handelsr\u00e4ume.<\/p>\n<p><strong>DESK<em>FLEX<\/em><\/strong> das modulare, ergonomische und erweiterbare Baukastensystem l\u00f6st alle Anforderungen an Ihre funktionalen, ergonomischen und \u00e4sthetischen Anspr\u00fcche f\u00fcr<br \/>\nArbeitspl\u00e4tze mit Multi-Screen-Anwendung.<\/p>\n<p>Dem Prinzip der Nachhaltigkeit folgend k\u00f6nnen am Grundmodul der Basiskonsole selbst Bestands- und Standardm\u00f6bel an- und eingebunden oder eine komplexe Gesamtl\u00f6sung individuell neu gestaltet werden.<\/p>\n<p>Das <strong>DESK<em>FLEX<\/em><\/strong> Baukastensystem steht deshalb im Preis- Leistungsverh\u00e4ltnis an erster Stelle.<\/p>\n<p>&#8221; content_phone=&#8221;<\/p>\n<h2>Das modulare System f\u00fcr Multi-Screen-Arbeitspl\u00e4tze<\/h2>\n<p>f\u00fcr Leitstand, Kontroll- und Handelsr\u00e4ume.<\/p>\n<p><strong>DESK<em>FLEX<\/em><\/strong> das modulare, ergonomische und erweiterbare Baukastensystem l\u00f6st alle Anforderungen an Ihre funktionalen, ergonomischen und \u00e4sthetischen Anspr\u00fcche f\u00fcr<br \/>\nArbeitspl\u00e4tze mit Multi-Screen-Anwendung.<\/p>\n<p>Dem Prinzip der Nachhaltigkeit folgend k\u00f6nnen am Grundmodul der Basiskonsole selbst Bestands- und Standardm\u00f6bel an- und eingebunden oder eine komplexe Gesamtl\u00f6sung individuell neu gestaltet werden.<\/p>\n<p>Das <strong>DESK<em>FLEX<\/em><\/strong> Baukastensystem steht deshalb im Preis- Leistungsverh\u00e4ltnis an erster Stelle.<\/p>\n<p>&#8221; content_last_edited=&#8221;on|phone&#8221; _builder_version=&#8221;4.20.2&#8243; _module_preset=&#8221;default&#8221; text_text_color=&#8221;#000000&#8243; text_font_size=&#8221;18px&#8221; header_2_font=&#8221;|700|||||||&#8221; header_2_text_color=&#8221;#2f3e4f&#8221; header_2_line_height=&#8221;1.3em&#8221; background_color=&#8221;rgba(255,255,255,0.77)&#8221; border_width_all=&#8221;12px&#8221; border_color_all=&#8221;rgba(255,255,255,0.05)&#8221; global_colors_info=&#8221;{}&#8221;]<\/p>\n<h2>The modular system for multi-screen workstations<\/h2>\n<p>for control rooms, control stations and trading areas.<\/p>\n<p><strong>DESK<em>FLEX<\/em><\/strong> the modular, ergonomic and expandable building block system solves all your functional, ergonomic and aesthetic requirements for workstations with multi-screen applications.<\/p>\n<p>In following the principle of sustainability, current and standard furniture can be added to and integrated into the basic module of the base console itself or a complex overall solution can be individually redesigned.<\/p>\n<p>The <strong>DESK<em>FLEX<\/em><\/strong> modular system thus ranks first place in terms of value for money.<\/p>\n<p>[\/et_pb_text][\/et_pb_column][et_pb_column type=&#8221;1_3&#8243; _builder_version=&#8221;4.19.0&#8243; _module_preset=&#8221;default&#8221; global_colors_info=&#8221;{}&#8221;][\/et_pb_column][et_pb_column type=&#8221;1_3&#8243; _builder_version=&#8221;4.19.0&#8243; _module_preset=&#8221;default&#8221; global_colors_info=&#8221;{}&#8221;][\/et_pb_column][\/et_pb_row][\/et_pb_section][et_pb_section fb_built=&#8221;1&#8243; admin_label=&#8221;Empfehlung&#8221; module_id=&#8221;empfehlung_en&#8221; _builder_version=&#8221;4.20.2&#8243; _module_preset=&#8221;default&#8221; background_image=&#8221;https:\/\/deskflex-europe.eu\/wp-content\/uploads\/2023\/01\/Empfehlung-scaled.jpg&#8221; min_height=&#8221;1000px&#8221; global_colors_info=&#8221;{}&#8221;][et_pb_row column_structure=&#8221;2_5,3_5&#8243; _builder_version=&#8221;4.19.0&#8243; _module_preset=&#8221;default&#8221; max_width=&#8221;1600px&#8221; global_colors_info=&#8221;{}&#8221;][et_pb_column type=&#8221;2_5&#8243; _builder_version=&#8221;4.19.0&#8243; _module_preset=&#8221;default&#8221; global_colors_info=&#8221;{}&#8221;][et_pb_text _builder_version=&#8221;4.20.2&#8243; _module_preset=&#8221;default&#8221; header_font=&#8221;|||on|||||&#8221; header_text_color=&#8221;#FFFFFF&#8221; header_font_size=&#8221;36px&#8221; background_color=&#8221;#2f3e4f&#8221; custom_margin=&#8221;||-2px|||&#8221; hover_enabled=&#8221;0&#8243; header_text_color_tablet=&#8221;#2f3e4f&#8221; header_text_color_phone=&#8221;#FFFFFF&#8221; header_text_color_last_edited=&#8221;on|phone&#8221; header_font_size_tablet=&#8221;40px&#8221; header_font_size_phone=&#8221;28px&#8221; header_font_size_last_edited=&#8221;on|desktop&#8221; border_width_top=&#8221;6px&#8221; border_color_top=&#8221;#2f3e4f&#8221; border_width_left=&#8221;10px&#8221; border_color_left=&#8221;#2f3e4f&#8221; global_colors_info=&#8221;{}&#8221; header_font_last_edited=&#8221;on|phone&#8221; sticky_enabled=&#8221;0&#8243; header_font_tablet=&#8221;|||on|||||&#8221; header_font_phone=&#8221;|||on|||||&#8221;]<\/p>\n<h1><strong>OUR RECOMMENDATION<\/strong><\/h1>\n<p>[\/et_pb_text][et_pb_text content_tablet=&#8221;<\/p>\n<p>Die gro\u00dfen Vorteile grunds\u00e4tzlich, bei der Entscheidung f\u00fcr die DESK<em>FLEX<\/em> System Module, liegen in der Ergonomie, in der individuellen Einstellbarkeit zwischen Arbeits- und Monitorebene, sowie in der Trennung beider Ebenen, f\u00fcr vibrations- und bildschirmfreie Arbeitsfl\u00e4chen und dynamisiert so alle Mitarbeiter\/innen und bringt diese in die richtige Arbeitsposition, egal ob sitzend oder stehend.<\/p>\n<p>Die individuelle Gestaltung der Arbeitspl\u00e4tze und Verkabelungskomponenten schafft die technische Voraussetzung f\u00fcr die optimale und ergonomische Integration und Adaption der notwendigen Hardware und IT- bzw. TK-Infrastruktur und deren Revisionierbarkeit.<\/p>\n<p>Schnittstellenoptimierung zwischen Architektur \/ Organisation \/ Technik und MENSCH.<\/p>\n<p>&#8221; content_phone=&#8221;<\/p>\n<p>Die gro\u00dfen Vorteile grunds\u00e4tzlich, bei der Entscheidung f\u00fcr die DESK<em>FLEX<\/em> System Module, liegen in der Ergonomie, in der individuellen Einstellbarkeit zwischen Arbeits- und Monitorebene, sowie in der Trennung beider Ebenen, f\u00fcr vibrations- und bildschirmfreie Arbeitsfl\u00e4chen und dynamisiert so alle Mitarbeiter\/innen und bringt diese in die richtige Arbeitsposition, egal ob sitzend oder stehend.<\/p>\n<p>Die individuelle Gestaltung der Arbeitspl\u00e4tze und Verkabelungskomponenten schafft die technische Voraussetzung f\u00fcr die optimale und ergonomische Integration und Adaption der notwendigen Hardware und IT- bzw. TK-Infrastruktur und deren Revisionierbarkeit.<\/p>\n<p>Schnittstellenoptimierung zwischen Architektur \/ Organisation \/ Technik und MENSCH.<\/p>\n<p>&#8221; content_last_edited=&#8221;on|phone&#8221; _builder_version=&#8221;4.20.2&#8243; _module_preset=&#8221;default&#8221; text_text_color=&#8221;#000000&#8243; text_font_size=&#8221;18px&#8221; header_2_font=&#8221;|700|||||||&#8221; header_2_text_color=&#8221;#2f3e4f&#8221; header_2_line_height=&#8221;1.3em&#8221; background_color=&#8221;rgba(255,255,255,0.77)&#8221; custom_margin=&#8221;||||false|false&#8221; custom_padding=&#8221;||||false|false&#8221; border_width_all=&#8221;12px&#8221; border_color_all=&#8221;rgba(255,255,255,0.05)&#8221; global_colors_info=&#8221;{}&#8221;]<\/p>\n<p>The major advantages of choosing the DESK<em>FLEX<\/em> system modules are the ergonomics, the individual adjustability between the working and monitor levels, and the separation of the two levels for vibration- and screen-free work surfaces, thus creating a dynamic atmosphere for all employees and bringing them into the proper working position, whether sitting or standing.<\/p>\n<p>The individual design of the workstations and cabling components creates the technical prerequisite for the optimal and ergonomic integration and adaptation of the necessary hardware and IT or TC infrastructure and its revisability.<\/p>\n<p>Interface optimisation between architecture\/organisation\/technology and PEOPLE.<\/p>\n<p>[\/et_pb_text][\/et_pb_column][et_pb_column type=&#8221;3_5&#8243; _builder_version=&#8221;4.19.0&#8243; _module_preset=&#8221;default&#8221; global_colors_info=&#8221;{}&#8221;][\/et_pb_column][\/et_pb_row][\/et_pb_section][et_pb_section fb_built=&#8221;1&#8243; admin_label=&#8221;Umfeldgestaltung&#8221; module_id=&#8221;umfeldgestaltung_en&#8221; _builder_version=&#8221;4.20.2&#8243; _module_preset=&#8221;default&#8221; background_image=&#8221;https:\/\/deskflex-europe.eu\/wp-content\/uploads\/2023\/02\/HG-Arbeitsumfeld-1.jpg&#8221; min_height=&#8221;1000px&#8221; custom_padding=&#8221;54px|||||&#8221; global_colors_info=&#8221;{}&#8221;][et_pb_row column_structure=&#8221;1_3,1_3,1_3&#8243; _builder_version=&#8221;4.19.0&#8243; _module_preset=&#8221;default&#8221; max_width=&#8221;1600px&#8221; custom_padding=&#8221;||0px||false|false&#8221; global_colors_info=&#8221;{}&#8221;][et_pb_column type=&#8221;1_3&#8243; _builder_version=&#8221;4.19.0&#8243; _module_preset=&#8221;default&#8221; global_colors_info=&#8221;{}&#8221;][et_pb_text _builder_version=&#8221;4.20.2&#8243; _module_preset=&#8221;default&#8221; header_font=&#8221;|||on|||||&#8221; header_text_color=&#8221;#FFFFFF&#8221; header_font_size=&#8221;36px&#8221; background_color=&#8221;#2f3e4f&#8221; custom_margin=&#8221;||-2px|||&#8221; header_text_color_tablet=&#8221;#2f3e4f&#8221; header_text_color_phone=&#8221;#FFFFFF&#8221; header_text_color_last_edited=&#8221;on|desktop&#8221; header_font_size_tablet=&#8221;40px&#8221; header_font_size_phone=&#8221;27px&#8221; header_font_size_last_edited=&#8221;on|desktop&#8221; border_width_top=&#8221;6px&#8221; border_color_top=&#8221;#2f3e4f&#8221; border_width_left=&#8221;10px&#8221; border_color_left=&#8221;#2f3e4f&#8221; global_colors_info=&#8221;{}&#8221;]<\/p>\n<h1><b>WORKPLACE DESIGN<br \/><\/b><\/h1>\n<p>[\/et_pb_text][et_pb_text _builder_version=&#8221;4.20.2&#8243; _module_preset=&#8221;default&#8221; text_text_color=&#8221;#000000&#8243; text_font_size=&#8221;18px&#8221; header_2_font=&#8221;|700|||||||&#8221; header_2_text_color=&#8221;#2f3e4f&#8221; header_2_line_height=&#8221;1.3em&#8221; background_color=&#8221;rgba(255,255,255,0.77)&#8221; custom_margin=&#8221;||50px||false|false&#8221; custom_padding=&#8221;||0px||false|false&#8221; border_width_all=&#8221;12px&#8221; border_color_all=&#8221;rgba(255,255,255,0.05)&#8221; global_colors_info=&#8221;{}&#8221;]<\/p>\n<h2>The workplace<\/h2>\n<p>Whether for accommodating technical equipment or personal items, whether for desk sharing or flexible office use, whether monitoring or meeting, DESK<em>FLEX<\/em> offers a wide range of solutions for holistic workplace design.<\/p>\n<p>It is also oriented towards the requirements of hard and soft facts in ergonomic design issues and takes into account all influencing factors, including light, air and noise.<\/p>\n<p>We will be happy to personally advise you!<\/p>\n<p>[\/et_pb_text][\/et_pb_column][et_pb_column type=&#8221;1_3&#8243; _builder_version=&#8221;4.19.0&#8243; _module_preset=&#8221;default&#8221; global_colors_info=&#8221;{}&#8221;][et_pb_image src=&#8221;https:\/\/deskflex-europe.eu\/wp-content\/uploads\/2023\/02\/akustik-2.jpg&#8221; title_text=&#8221;akustik&#8221; _builder_version=&#8221;4.19.0&#8243; _module_preset=&#8221;default&#8221; custom_margin=&#8221;||0px||false|false&#8221; global_colors_info=&#8221;{}&#8221;][\/et_pb_image][et_pb_text _builder_version=&#8221;4.20.2&#8243; _module_preset=&#8221;default&#8221; text_text_color=&#8221;#000000&#8243; text_font_size=&#8221;18px&#8221; header_2_font=&#8221;|700|||||||&#8221; header_2_text_color=&#8221;#2f3e4f&#8221; header_2_line_height=&#8221;1.3em&#8221; background_color=&#8221;rgba(255,255,255,0.77)&#8221; custom_margin=&#8221;||50px||false|false&#8221; custom_padding=&#8221;||0px||false|false&#8221; border_width_all=&#8221;12px&#8221; border_color_all=&#8221;rgba(255,255,255,0.05)&#8221; global_colors_info=&#8221;{}&#8221;]<\/p>\n<h2>Acoustics<\/h2>\n<p>[\/et_pb_text][et_pb_image src=&#8221;https:\/\/deskflex-europe.eu\/wp-content\/uploads\/2023\/02\/licht.jpg&#8221; title_text=&#8221;licht&#8221; _builder_version=&#8221;4.19.0&#8243; _module_preset=&#8221;default&#8221; custom_margin=&#8221;||0px||false|false&#8221; global_colors_info=&#8221;{}&#8221;][\/et_pb_image][et_pb_text _builder_version=&#8221;4.20.2&#8243; _module_preset=&#8221;default&#8221; text_text_color=&#8221;#000000&#8243; text_font_size=&#8221;18px&#8221; header_2_font=&#8221;|700|||||||&#8221; header_2_text_color=&#8221;#2f3e4f&#8221; header_2_line_height=&#8221;1.3em&#8221; background_color=&#8221;rgba(255,255,255,0.77)&#8221; custom_margin=&#8221;||50px||false|false&#8221; custom_padding=&#8221;||0px||false|false&#8221; border_width_all=&#8221;12px&#8221; border_color_all=&#8221;rgba(255,255,255,0.05)&#8221; global_colors_info=&#8221;{}&#8221;]<\/p>\n<h2>Light\u2028<\/h2>\n<p>[\/et_pb_text][\/et_pb_column][et_pb_column type=&#8221;1_3&#8243; _builder_version=&#8221;4.19.0&#8243; _module_preset=&#8221;default&#8221; global_colors_info=&#8221;{}&#8221;][et_pb_image src=&#8221;https:\/\/deskflex-europe.eu\/wp-content\/uploads\/2023\/02\/24-7-Operatorstuhl.jpg&#8221; title_text=&#8221;24-7-Operatorstuhl&#8221; _builder_version=&#8221;4.19.0&#8243; _module_preset=&#8221;default&#8221; custom_margin=&#8221;||0px||false|false&#8221; global_colors_info=&#8221;{}&#8221;][\/et_pb_image][et_pb_text _builder_version=&#8221;4.20.2&#8243; _module_preset=&#8221;default&#8221; text_text_color=&#8221;#000000&#8243; text_font_size=&#8221;18px&#8221; header_2_font=&#8221;|700|||||||&#8221; header_2_text_color=&#8221;#2f3e4f&#8221; header_2_line_height=&#8221;1.3em&#8221; background_color=&#8221;rgba(255,255,255,0.77)&#8221; custom_margin=&#8221;||50px||false|false&#8221; custom_padding=&#8221;||0px||false|false&#8221; border_width_all=&#8221;12px&#8221; border_color_all=&#8221;rgba(255,255,255,0.05)&#8221; global_colors_info=&#8221;{}&#8221;]<\/p>\n<h2>24\/7 Operator&#8217;s Chairs<\/h2>\n<p>[\/et_pb_text][et_pb_image src=&#8221;https:\/\/deskflex-europe.eu\/wp-content\/uploads\/2023\/02\/Strom-und-Daten.jpg&#8221; title_text=&#8221;Strom-und-Daten&#8221; _builder_version=&#8221;4.19.0&#8243; _module_preset=&#8221;default&#8221; custom_margin=&#8221;||0px||false|false&#8221; global_colors_info=&#8221;{}&#8221;][\/et_pb_image][et_pb_text _builder_version=&#8221;4.20.2&#8243; _module_preset=&#8221;default&#8221; text_text_color=&#8221;#000000&#8243; text_font_size=&#8221;18px&#8221; header_2_font=&#8221;|700|||||||&#8221; header_2_text_color=&#8221;#2f3e4f&#8221; header_2_line_height=&#8221;1.3em&#8221; background_color=&#8221;rgba(255,255,255,0.77)&#8221; custom_margin=&#8221;||50px||false|false&#8221; custom_padding=&#8221;||0px||false|false&#8221; border_width_all=&#8221;12px&#8221; border_color_all=&#8221;rgba(255,255,255,0.05)&#8221; global_colors_info=&#8221;{}&#8221;]<\/p>\n<h2>Power and Data<\/h2>\n<p>[\/et_pb_text][\/et_pb_column][\/et_pb_row][\/et_pb_section][et_pb_section fb_built=&#8221;1&#8243; admin_label=&#8221;DIE DESKFLEX-ERGONOMIE&#8221; module_id=&#8221;ergonomie_en&#8221; _builder_version=&#8221;4.20.2&#8243; _module_preset=&#8221;default&#8221; background_image=&#8221;https:\/\/deskflex-europe.eu\/wp-content\/uploads\/2023\/02\/DSC9530-Bearbeitet-scaled.jpg&#8221; parallax=&#8221;on&#8221; min_height=&#8221;1000px&#8221; global_colors_info=&#8221;{}&#8221;][et_pb_row column_structure=&#8221;1_3,2_3&#8243; use_custom_gutter=&#8221;on&#8221; gutter_width=&#8221;2&#8243; _builder_version=&#8221;4.19.0&#8243; _module_preset=&#8221;default&#8221; max_width=&#8221;1600px&#8221; global_colors_info=&#8221;{}&#8221;][et_pb_column type=&#8221;1_3&#8243; _builder_version=&#8221;4.19.0&#8243; _module_preset=&#8221;default&#8221; global_colors_info=&#8221;{}&#8221;][et_pb_text _builder_version=&#8221;4.20.2&#8243; _module_preset=&#8221;default&#8221; header_font=&#8221;|||on|||||&#8221; header_text_color=&#8221;#FFFFFF&#8221; header_font_size=&#8221;40px&#8221; background_color=&#8221;#2f3e4f&#8221; custom_margin=&#8221;||-2px|||&#8221; header_text_color_tablet=&#8221;#2f3e4f&#8221; header_text_color_phone=&#8221;#FFFFFF&#8221; header_text_color_last_edited=&#8221;on|desktop&#8221; header_font_size_tablet=&#8221;40px&#8221; header_font_size_phone=&#8221;30px&#8221; header_font_size_last_edited=&#8221;on|desktop&#8221; border_width_top=&#8221;6px&#8221; border_color_top=&#8221;#2f3e4f&#8221; border_width_left=&#8221;10px&#8221; border_color_left=&#8221;#2f3e4f&#8221; global_colors_info=&#8221;{}&#8221;]<\/p>\n<h1><b>THE <\/b><b>Desk<em>flex <\/em><\/b><b>ERGONOMICS<br \/><\/b><\/h1>\n<p>[\/et_pb_text][et_pb_text _builder_version=&#8221;4.20.2&#8243; _module_preset=&#8221;default&#8221; text_text_color=&#8221;#000000&#8243; text_font_size=&#8221;18px&#8221; header_2_font=&#8221;|700|||||||&#8221; header_2_text_color=&#8221;#2f3e4f&#8221; header_2_line_height=&#8221;1.3em&#8221; background_color=&#8221;rgba(255,255,255,0.77)&#8221; border_width_all=&#8221;12px&#8221; border_color_all=&#8221;rgba(255,255,255,0.05)&#8221; global_colors_info=&#8221;{}&#8221;]<\/p>\n<h2>are geared exclusively to people and their usage behaviour.<\/h2>\n<p>We take into account different users in terms of body size and proportions as well as desk sharing requirements. Work behaviour between sitting and standing is made more dynamic and thus gets employees moving!<\/p>\n<p>We take into account the different possible combinations of individual requirements for visual distances and visual axes, angles of observation, as well as control panels, field of work and fields of vision, gripping and working surfaces, and are happy to advise our customers on the complexity of holistic workplace and room furnishings including all the ergonomic factors pertaining to light, air and noise.<\/p>\n<p>[\/et_pb_text][\/et_pb_column][et_pb_column type=&#8221;2_3&#8243; _builder_version=&#8221;4.19.0&#8243; _module_preset=&#8221;default&#8221; global_colors_info=&#8221;{}&#8221;][et_pb_image src=&#8221;https:\/\/deskflex-europe.eu\/wp-content\/uploads\/2023\/02\/5a.jpg&#8221; title_text=&#8221;5a&#8221; show_bottom_space=&#8221;off&#8221; disabled_on=&#8221;off|on|on&#8221; _builder_version=&#8221;4.19.0&#8243; _module_preset=&#8221;default&#8221; custom_margin=&#8221;||||false|false&#8221; custom_padding=&#8221;||||false|false&#8221; global_colors_info=&#8221;{}&#8221;][\/et_pb_image][et_pb_slider _builder_version=&#8221;4.20.2&#8243; _module_preset=&#8221;default&#8221; body_font=&#8221;Open Sans|700|||||||&#8221; body_text_color=&#8221;#000000&#8243; body_font_size=&#8221;24px&#8221; height_tablet=&#8221;&#8221; height_phone=&#8221;&#8221; height_last_edited=&#8221;on|desktop&#8221; custom_margin=&#8221;0px||||false|false&#8221; custom_padding=&#8221;||||false|false&#8221; global_colors_info=&#8221;{}&#8221;][et_pb_slide image=&#8221;https:\/\/deskflex-europe.eu\/wp-content\/uploads\/2022\/11\/5a.jpg&#8221; use_bg_overlay=&#8221;off&#8221; use_text_overlay=&#8221;off&#8221; _builder_version=&#8221;4.20.2&#8243; _module_preset=&#8221;default&#8221; header_level=&#8221;h2&#8243; header_font=&#8221;||||||||&#8221; body_font=&#8221;Open Sans|700|||||||&#8221; body_text_color=&#8221;#000000&#8243; body_font_size=&#8221;20px&#8221; background_color=&#8221;rgba(255,255,255,0.8)&#8221; background_enable_color=&#8221;on&#8221; background_layout=&#8221;light&#8221; global_colors_info=&#8221;{}&#8221; sticky_transition=&#8221;on&#8221;]<\/p>\n<p>The familiar rules and regulations apply for the basic ergonomic position. The eye-friendly visual axis runs between 25\u201340\u00b0 downwards. The angle of observation is 90\u00b0.<\/p>\n<p>[\/et_pb_slide][\/et_pb_slider][et_pb_image src=&#8221;https:\/\/deskflex-europe.eu\/wp-content\/uploads\/2022\/11\/5b.jpg&#8221; title_text=&#8221;5b&#8221; show_bottom_space=&#8221;off&#8221; disabled_on=&#8221;off|on|on&#8221; _builder_version=&#8221;4.19.0&#8243; _module_preset=&#8221;default&#8221; custom_margin=&#8221;||||false|false&#8221; custom_padding=&#8221;||||false|false&#8221; global_colors_info=&#8221;{}&#8221;][\/et_pb_image][et_pb_slider _builder_version=&#8221;4.20.2&#8243; _module_preset=&#8221;default&#8221; body_font=&#8221;Open Sans|700|||||||&#8221; body_text_color=&#8221;#000000&#8243; body_font_size=&#8221;24px&#8221; custom_padding=&#8221;||||false|false&#8221; global_colors_info=&#8221;{}&#8221;][et_pb_slide image=&#8221;https:\/\/deskflex-europe.eu\/wp-content\/uploads\/2022\/11\/5b.jpg&#8221; use_bg_overlay=&#8221;off&#8221; use_text_overlay=&#8221;off&#8221; _builder_version=&#8221;4.20.2&#8243; _module_preset=&#8221;default&#8221; header_level=&#8221;h2&#8243; header_font=&#8221;||||||||&#8221; body_font_size=&#8221;20px&#8221; background_color=&#8221;rgba(255,255,255,0.8)&#8221; background_enable_color=&#8221;on&#8221; background_layout=&#8221;light&#8221; global_colors_info=&#8221;{}&#8221; sticky_transition=&#8221;on&#8221;]<\/p>\n<p>Depending on the posture of the body, the visual axis may shift upwards, and the visual distance should also be readjusted.<\/p>\n<p>[\/et_pb_slide][\/et_pb_slider][et_pb_image src=&#8221;https:\/\/deskflex-europe.eu\/wp-content\/uploads\/2022\/11\/5c.jpg&#8221; title_text=&#8221;5c&#8221; show_bottom_space=&#8221;off&#8221; disabled_on=&#8221;off|on|on&#8221; _builder_version=&#8221;4.19.0&#8243; _module_preset=&#8221;default&#8221; custom_margin=&#8221;||||false|false&#8221; custom_padding=&#8221;||||false|false&#8221; global_colors_info=&#8221;{}&#8221;][\/et_pb_image][et_pb_slider _builder_version=&#8221;4.20.2&#8243; _module_preset=&#8221;default&#8221; body_font=&#8221;Open Sans|700|||||||&#8221; body_text_color=&#8221;#000000&#8243; body_font_size=&#8221;24px&#8221; custom_padding=&#8221;||||false|false&#8221; global_colors_info=&#8221;{}&#8221;][et_pb_slide image=&#8221;https:\/\/deskflex-europe.eu\/wp-content\/uploads\/2022\/11\/5c.jpg&#8221; use_bg_overlay=&#8221;off&#8221; use_text_overlay=&#8221;off&#8221; _builder_version=&#8221;4.20.2&#8243; _module_preset=&#8221;default&#8221; header_level=&#8221;h2&#8243; header_font=&#8221;||||||||&#8221; body_font_size=&#8221;20px&#8221; background_color=&#8221;rgba(255,255,255,0.8)&#8221; background_enable_color=&#8221;on&#8221; background_layout=&#8221;light&#8221; global_colors_info=&#8221;{}&#8221; sticky_transition=&#8221;on&#8221;]<\/p>\n<p>The settings of visual axis, visual distance and angle of observation should always be individually adjustable by the user! They are based on visual characteristics and monitor content.<\/p>\n<p>[\/et_pb_slide][\/et_pb_slider][et_pb_image src=&#8221;https:\/\/deskflex-europe.eu\/wp-content\/uploads\/2022\/11\/5d.jpg&#8221; title_text=&#8221;5d&#8221; show_bottom_space=&#8221;off&#8221; disabled_on=&#8221;off|on|on&#8221; _builder_version=&#8221;4.19.0&#8243; _module_preset=&#8221;default&#8221; custom_margin=&#8221;||||false|false&#8221; custom_padding=&#8221;||||false|false&#8221; global_colors_info=&#8221;{}&#8221;][\/et_pb_image][et_pb_slider _builder_version=&#8221;4.20.2&#8243; _module_preset=&#8221;default&#8221; body_font=&#8221;Open Sans|700|||||||&#8221; body_text_color=&#8221;#000000&#8243; body_font_size=&#8221;24px&#8221; custom_padding=&#8221;||||false|false&#8221; global_colors_info=&#8221;{}&#8221;][et_pb_slide image=&#8221;https:\/\/deskflex-europe.eu\/wp-content\/uploads\/2022\/11\/5d.jpg&#8221; use_bg_overlay=&#8221;off&#8221; use_text_overlay=&#8221;off&#8221; _builder_version=&#8221;4.20.2&#8243; _module_preset=&#8221;default&#8221; header_level=&#8221;h2&#8243; header_font=&#8221;||||||||&#8221; body_font_size=&#8221;20px&#8221; background_color=&#8221;rgba(255,255,255,0.8)&#8221; background_enable_color=&#8221;on&#8221; background_layout=&#8221;light&#8221; global_colors_info=&#8221;{}&#8221; sticky_transition=&#8221;on&#8221;]<\/p>\n<p>The eye-friendly visual axis also changes when \u2018sitting\u2019. The distance between working height and visual axis increases.<\/p>\n<p>[\/et_pb_slide][\/et_pb_slider][\/et_pb_column][\/et_pb_row][\/et_pb_section][et_pb_section fb_built=&#8221;1&#8243; admin_label=&#8221;TECHNIK + FUNKTION \u2013 Das Grundprinzip&#8221; module_id=&#8221;grundprinzip_en&#8221; _builder_version=&#8221;4.20.2&#8243; _module_preset=&#8221;default&#8221; background_image=&#8221;https:\/\/deskflex-europe.eu\/wp-content\/uploads\/2022\/11\/3.jpg&#8221; min_height=&#8221;1000px&#8221; global_colors_info=&#8221;{}&#8221;][et_pb_row column_structure=&#8221;2_5,3_5&#8243; use_custom_gutter=&#8221;on&#8221; gutter_width=&#8221;2&#8243; _builder_version=&#8221;4.19.0&#8243; _module_preset=&#8221;default&#8221; max_width=&#8221;1600px&#8221; global_colors_info=&#8221;{}&#8221;][et_pb_column type=&#8221;2_5&#8243; _builder_version=&#8221;4.19.0&#8243; _module_preset=&#8221;default&#8221; global_colors_info=&#8221;{}&#8221;][et_pb_text _builder_version=&#8221;4.20.2&#8243; _module_preset=&#8221;default&#8221; header_font=&#8221;|||on|||||&#8221; header_text_color=&#8221;#FFFFFF&#8221; header_font_size=&#8221;40px&#8221; background_color=&#8221;#2f3e4f&#8221; custom_margin=&#8221;||-2px|||&#8221; header_text_color_tablet=&#8221;#2f3e4f&#8221; header_text_color_phone=&#8221;#FFFFFF&#8221; header_text_color_last_edited=&#8221;on|desktop&#8221; header_font_size_tablet=&#8221;40px&#8221; header_font_size_phone=&#8221;30px&#8221; header_font_size_last_edited=&#8221;on|desktop&#8221; border_width_top=&#8221;6px&#8221; border_color_top=&#8221;#2f3e4f&#8221; border_width_left=&#8221;10px&#8221; border_color_left=&#8221;#2f3e4f&#8221; global_colors_info=&#8221;{}&#8221;]<\/p>\n<h1><b>TECHNOLOGY + FUNCTION<\/b><\/h1>\n<p>[\/et_pb_text][et_pb_text _builder_version=&#8221;4.20.2&#8243; _module_preset=&#8221;default&#8221; text_text_color=&#8221;#000000&#8243; text_font_size=&#8221;18px&#8221; header_2_font=&#8221;|700|||||||&#8221; header_2_text_color=&#8221;#2f3e4f&#8221; header_2_line_height=&#8221;1.3em&#8221; background_color=&#8221;rgba(255,255,255,0.77)&#8221; custom_margin=&#8221;||0px||false|false&#8221; custom_padding=&#8221;||0px||false|false&#8221; border_width_all=&#8221;12px&#8221; border_color_all=&#8221;rgba(255,255,255,0.05)&#8221; global_colors_info=&#8221;{}&#8221;]<\/p>\n<h2>The basic idea:<\/h2>\n<p>for control rooms, control stations and trading areas.<\/p>\n<p>The base console separates the work desk and monitors from each other and thus meets all requirements for screen workplace ergonomics and different users.<\/p>\n<p>The synchronous and asynchronous adjustment options for working and screen heights using the 3-reference adjustment technology allow each user to set the optimum working situation for their requirements individually. Quality of life at the touch of a button.<\/p>\n<p>[\/et_pb_text][et_pb_text _builder_version=&#8221;4.20.2&#8243; _module_preset=&#8221;default&#8221; global_colors_info=&#8221;{}&#8221;]<iframe loading=\"lazy\" src=\"https:\/\/player.vimeo.com\/video\/816848474?h=d9120bdbc8&#038;title=0&#038;byline=0&#038;portrait=0\" width=\"640\" height=\"360\" frameborder=\"0\" allow=\"autoplay; fullscreen; picture-in-picture\" allowfullscreen><\/iframe>[\/et_pb_text][\/et_pb_column][et_pb_column type=&#8221;3_5&#8243; _builder_version=&#8221;4.19.0&#8243; _module_preset=&#8221;default&#8221; global_colors_info=&#8221;{}&#8221;][et_pb_image src=&#8221;https:\/\/deskflex-europe.eu\/wp-content\/uploads\/2023\/04\/techno_sprachen_en.jpg&#8221; title_text=&#8221;techno_sprachen_en&#8221; show_in_lightbox=&#8221;on&#8221; _builder_version=&#8221;4.20.2&#8243; _module_preset=&#8221;default&#8221; global_colors_info=&#8221;{}&#8221;][\/et_pb_image][\/et_pb_column][\/et_pb_row][\/et_pb_section][et_pb_section fb_built=&#8221;1&#8243; admin_label=&#8221;TECHNIK + FUNKTION \u2013 Die Basiskonsole&#8221; module_id=&#8221;basiskonsole_en&#8221; _builder_version=&#8221;4.20.2&#8243; _module_preset=&#8221;default&#8221; background_enable_image=&#8221;off&#8221; min_height=&#8221;1000px&#8221; global_colors_info=&#8221;{}&#8221;][et_pb_row column_structure=&#8221;2_5,3_5&#8243; _builder_version=&#8221;4.19.0&#8243; _module_preset=&#8221;default&#8221; max_width=&#8221;1600px&#8221; custom_padding=&#8221;||0px||false|false&#8221; global_colors_info=&#8221;{}&#8221;][et_pb_column type=&#8221;2_5&#8243; _builder_version=&#8221;4.19.0&#8243; _module_preset=&#8221;default&#8221; global_colors_info=&#8221;{}&#8221;][et_pb_text _builder_version=&#8221;4.20.2&#8243; _module_preset=&#8221;default&#8221; header_font=&#8221;|||on|||||&#8221; header_text_color=&#8221;#FFFFFF&#8221; header_font_size=&#8221;40px&#8221; background_color=&#8221;#2f3e4f&#8221; custom_margin=&#8221;||-2px|||&#8221; header_text_color_tablet=&#8221;#2f3e4f&#8221; header_text_color_phone=&#8221;#FFFFFF&#8221; header_text_color_last_edited=&#8221;on|desktop&#8221; header_font_size_tablet=&#8221;40px&#8221; header_font_size_phone=&#8221;30px&#8221; header_font_size_last_edited=&#8221;on|desktop&#8221; border_width_top=&#8221;6px&#8221; border_color_top=&#8221;#2f3e4f&#8221; border_width_left=&#8221;10px&#8221; border_color_left=&#8221;#2f3e4f&#8221; global_colors_info=&#8221;{}&#8221;]<\/p>\n<h1><b>TECHNOLOGY + FUNCTION<\/b><\/h1>\n<p>[\/et_pb_text][et_pb_text content_tablet=&#8221;<\/p>\n<h2>Die Basiskonsole:<\/h2>\n<p>Als Einzel- oder Doppelkonsole.<\/p>\n<p>Die Konsole mit den h\u00f6henverstellbaren Antriebsmodulen ist die Basis f\u00fcr die ergonomische Grundfunktion f\u00fcr sitzende und stehende Arbeitsweisen und nimmt gleichzeitig die Systemschienen zur Anbindung der Monitortr\u00e4gersysteme, die Kabelkan\u00e4le f\u00fcr das Kabelmanagement, die Steckerleisten zur Daten- und Stromanbindung und ggf. notwendige Tr\u00e4gersysteme f\u00fcr Rechner etc. mit auf.<\/p>\n<p>Der H\u00f6henverstellbereich der Basiskonsole entspricht dem des Arbeitstisches. Start- und Endh\u00f6hen der Monitore sind immer \u00fcber Tischh\u00f6he reguliert durch die Einstellung am Multi-Screen-Tr\u00e4ger-System (MSTS).<\/p>\n<p>&#8221; content_phone=&#8221;<\/p>\n<h2>Die Basiskonsole:<\/h2>\n<p>Als Einzel- oder Doppelkonsole.<\/p>\n<p>Die Konsole mit den h\u00f6henverstellbaren Antriebsmodulen ist die Basis f\u00fcr die ergonomische Grundfunktion f\u00fcr sitzende und stehende Arbeitsweisen und nimmt gleichzeitig die Systemschienen zur Anbindung der Monitortr\u00e4gersysteme, die Kabelkan\u00e4le f\u00fcr das Kabelmanagement, die Steckerleisten zur Daten- und Stromanbindung und ggf. notwendige Tr\u00e4gersysteme f\u00fcr Rechner etc. mit auf.<\/p>\n<p>Der H\u00f6henverstellbereich der Basiskonsole entspricht dem des Arbeitstisches. Start- und Endh\u00f6hen der Monitore sind immer \u00fcber Tischh\u00f6he reguliert durch die Einstellung am Multi-Screen-Tr\u00e4ger-System (MSTS).<\/p>\n<p>&#8221; content_last_edited=&#8221;on|phone&#8221; _builder_version=&#8221;4.20.2&#8243; _module_preset=&#8221;default&#8221; text_text_color=&#8221;#000000&#8243; text_font_size=&#8221;18px&#8221; header_2_font=&#8221;|700|||||||&#8221; header_2_text_color=&#8221;#2f3e4f&#8221; header_2_line_height=&#8221;1.3em&#8221; background_color=&#8221;rgba(255,255,255,0.77)&#8221; custom_margin=&#8221;||0px||false|false&#8221; custom_padding=&#8221;||0px||false|false&#8221; border_width_all=&#8221;12px&#8221; border_color_all=&#8221;rgba(255,255,255,0.05)&#8221; global_colors_info=&#8221;{}&#8221;]<\/p>\n<h2>The base console:<\/h2>\n<p>as single or double console.<\/p>\n<p>The console features height-adjustable drive modules is the basis for the basic ergonomic function for seated and standing working modes. At the same time, it accommodates the system rails for connecting the monitor support systems, the cable ducts for cable management, the connector strips for data and power connection, and any necessary support systems for computers, etc.<\/p>\n<p>The height adjustment range of the base console corresponds to that of the desk. Start and end heights of the monitors are always regulated above table height by adjustment on the multi-screen support system (MSTS).<\/p>\n<p>&nbsp;<\/p>\n<p>[\/et_pb_text][\/et_pb_column][et_pb_column type=&#8221;3_5&#8243; _builder_version=&#8221;4.19.0&#8243; _module_preset=&#8221;default&#8221; global_colors_info=&#8221;{}&#8221;][et_pb_image src=&#8221;https:\/\/deskflex-europe.eu\/wp-content\/uploads\/2023\/01\/Basiskonsole_gross-scaled.jpg&#8221; title_text=&#8221;Basiskonsole_gross&#8221; show_in_lightbox=&#8221;on&#8221; _builder_version=&#8221;4.19.0&#8243; _module_preset=&#8221;default&#8221; global_colors_info=&#8221;{}&#8221;][\/et_pb_image][\/et_pb_column][\/et_pb_row][et_pb_row column_structure=&#8221;1_3,1_3,1_3&#8243; _builder_version=&#8221;4.19.0&#8243; _module_preset=&#8221;default&#8221; max_width=&#8221;1600px&#8221; custom_margin=&#8221;||||false|false&#8221; custom_padding=&#8221;0px||||false|false&#8221; global_colors_info=&#8221;{}&#8221;][et_pb_column type=&#8221;1_3&#8243; _builder_version=&#8221;4.19.0&#8243; _module_preset=&#8221;default&#8221; global_colors_info=&#8221;{}&#8221;][et_pb_image src=&#8221;https:\/\/deskflex-europe.eu\/wp-content\/uploads\/2023\/01\/Basiskonsole1.jpg&#8221; title_text=&#8221;Basiskonsole1&#8243; show_in_lightbox=&#8221;on&#8221; _builder_version=&#8221;4.19.0&#8243; _module_preset=&#8221;default&#8221; global_colors_info=&#8221;{}&#8221;][\/et_pb_image][\/et_pb_column][et_pb_column type=&#8221;1_3&#8243; _builder_version=&#8221;4.19.0&#8243; _module_preset=&#8221;default&#8221; global_colors_info=&#8221;{}&#8221;][et_pb_image src=&#8221;https:\/\/deskflex-europe.eu\/wp-content\/uploads\/2023\/01\/Basiskonsole2.jpg&#8221; title_text=&#8221;Basiskonsole2&#8243; show_in_lightbox=&#8221;on&#8221; _builder_version=&#8221;4.19.0&#8243; _module_preset=&#8221;default&#8221; global_colors_info=&#8221;{}&#8221;][\/et_pb_image][\/et_pb_column][et_pb_column type=&#8221;1_3&#8243; _builder_version=&#8221;4.19.0&#8243; _module_preset=&#8221;default&#8221; global_colors_info=&#8221;{}&#8221;][et_pb_image src=&#8221;https:\/\/deskflex-europe.eu\/wp-content\/uploads\/2023\/01\/Basiskonsole3.jpg&#8221; title_text=&#8221;Basiskonsole3&#8243; show_in_lightbox=&#8221;on&#8221; _builder_version=&#8221;4.19.0&#8243; _module_preset=&#8221;default&#8221; global_colors_info=&#8221;{}&#8221;][\/et_pb_image][\/et_pb_column][\/et_pb_row][\/et_pb_section][et_pb_section fb_built=&#8221;1&#8243; admin_label=&#8221;TECHNIK + FUNKTION \u2013 Der Arbeitstisch&#8221; module_id=&#8221;arbeitstisch_en&#8221; _builder_version=&#8221;4.20.2&#8243; _module_preset=&#8221;default&#8221; background_image=&#8221;https:\/\/deskflex-europe.eu\/wp-content\/uploads\/2022\/11\/3.jpg&#8221; min_height=&#8221;1000px&#8221; global_colors_info=&#8221;{}&#8221;][et_pb_row column_structure=&#8221;2_5,3_5&#8243; _builder_version=&#8221;4.19.0&#8243; _module_preset=&#8221;default&#8221; max_width=&#8221;1600px&#8221; global_colors_info=&#8221;{}&#8221;][et_pb_column type=&#8221;2_5&#8243; _builder_version=&#8221;4.19.0&#8243; _module_preset=&#8221;default&#8221; global_colors_info=&#8221;{}&#8221;][et_pb_text _builder_version=&#8221;4.20.2&#8243; _module_preset=&#8221;default&#8221; header_font=&#8221;|||on|||||&#8221; header_text_color=&#8221;#FFFFFF&#8221; header_font_size=&#8221;40px&#8221; background_color=&#8221;#2f3e4f&#8221; custom_margin=&#8221;||-2px|||&#8221; header_text_color_tablet=&#8221;#2f3e4f&#8221; header_text_color_phone=&#8221;#FFFFFF&#8221; header_text_color_last_edited=&#8221;on|desktop&#8221; header_font_size_tablet=&#8221;40px&#8221; header_font_size_phone=&#8221;30px&#8221; header_font_size_last_edited=&#8221;on|desktop&#8221; border_width_top=&#8221;6px&#8221; border_color_top=&#8221;#2f3e4f&#8221; border_width_left=&#8221;10px&#8221; border_color_left=&#8221;#2f3e4f&#8221; global_colors_info=&#8221;{}&#8221;]<\/p>\n<h1><b>TECHNOLOGY + FUNCTION<\/b><\/h1>\n<p>[\/et_pb_text][et_pb_text _builder_version=&#8221;4.20.2&#8243; _module_preset=&#8221;default&#8221; text_text_color=&#8221;#000000&#8243; text_font_size=&#8221;18px&#8221; header_2_font=&#8221;|700|||||||&#8221; header_2_text_color=&#8221;#2f3e4f&#8221; header_2_line_height=&#8221;1.3em&#8221; background_color=&#8221;rgba(255,255,255,0.77)&#8221; custom_margin=&#8221;||||false|false&#8221; custom_padding=&#8221;||||false|false&#8221; border_width_all=&#8221;12px&#8221; border_color_all=&#8221;rgba(255,255,255,0.05)&#8221; global_colors_info=&#8221;{}&#8221;]<\/p>\n<h2>The desk:<\/h2>\n<p>The desk is the actual working area for the user and is thus solitary, extremely stable and vibration-free. In addition, it is optimised for space as it does not require a screen!<\/p>\n<p>The height adjustability of the DESK<em>FLEX<\/em> system ranges from 650 to 1300 mm and thus meets all requirements for workplace ergonomics and a dynamic working environment. For all body sizes even below the 5th percentile and above the 95th percentile!<\/p>\n<p>The tables are designed according to your individual requirements or correspond to the standard in terms of shape and size.<\/p>\n<p>[\/et_pb_text][\/et_pb_column][et_pb_column type=&#8221;3_5&#8243; _builder_version=&#8221;4.19.0&#8243; _module_preset=&#8221;default&#8221; global_colors_info=&#8221;{}&#8221;][\/et_pb_column][\/et_pb_row][et_pb_row column_structure=&#8221;1_3,1_3,1_3&#8243; _builder_version=&#8221;4.19.0&#8243; _module_preset=&#8221;default&#8221; max_width=&#8221;1600px&#8221; global_colors_info=&#8221;{}&#8221;][et_pb_column type=&#8221;1_3&#8243; _builder_version=&#8221;4.19.0&#8243; _module_preset=&#8221;default&#8221; global_colors_info=&#8221;{}&#8221;][et_pb_image src=&#8221;https:\/\/deskflex-europe.eu\/wp-content\/uploads\/2023\/01\/DSC9607-Bearbeitet.jpg&#8221; title_text=&#8221;_DSC9607-Bearbeitet&#8221; _builder_version=&#8221;4.19.0&#8243; _module_preset=&#8221;default&#8221; custom_margin=&#8221;||0px||false|false&#8221; global_colors_info=&#8221;{}&#8221;][\/et_pb_image][et_pb_text _builder_version=&#8221;4.20.2&#8243; _module_preset=&#8221;default&#8221; text_text_color=&#8221;#000000&#8243; text_font_size=&#8221;18px&#8221; header_2_font=&#8221;|700|||||||&#8221; header_2_text_color=&#8221;#2f3e4f&#8221; header_2_line_height=&#8221;1.3em&#8221; background_color=&#8221;rgba(255,255,255,0.77)&#8221; custom_margin=&#8221;0px||||false|false&#8221; custom_padding=&#8221;||||false|false&#8221; border_width_all=&#8221;12px&#8221; border_color_all=&#8221;rgba(255,255,255,0.05)&#8221; global_colors_info=&#8221;{}&#8221;]<\/p>\n<p>Anti-collision: spacer for<br \/>desk and base console<\/p>\n<p>[\/et_pb_text][\/et_pb_column][et_pb_column type=&#8221;1_3&#8243; _builder_version=&#8221;4.19.0&#8243; _module_preset=&#8221;default&#8221; global_colors_info=&#8221;{}&#8221;][\/et_pb_column][et_pb_column type=&#8221;1_3&#8243; _builder_version=&#8221;4.19.0&#8243; _module_preset=&#8221;default&#8221; global_colors_info=&#8221;{}&#8221;][et_pb_divider show_divider=&#8221;off&#8221; _builder_version=&#8221;4.19.0&#8243; _module_preset=&#8221;default&#8221; height=&#8221;100px&#8221; global_colors_info=&#8221;{}&#8221;][\/et_pb_divider][et_pb_image src=&#8221;https:\/\/deskflex-europe.eu\/wp-content\/uploads\/2023\/01\/DSC9521-Bearbeitet-1-scaled.jpg&#8221; title_text=&#8221;_DSC9521-Bearbeitet-(1)&#8221; show_in_lightbox=&#8221;on&#8221; _builder_version=&#8221;4.19.0&#8243; _module_preset=&#8221;default&#8221; border_radii=&#8221;on|3px|3px|3px|3px&#8221; border_width_all=&#8221;4px&#8221; border_color_all=&#8221;#FFFFFF&#8221; global_colors_info=&#8221;{}&#8221;][\/et_pb_image][\/et_pb_column][\/et_pb_row][\/et_pb_section][et_pb_section fb_built=&#8221;1&#8243; admin_label=&#8221;TECHNIK + FUNKTION \u2013 MSTS auf wei\u00df&#8221; module_id=&#8221;msts_1_en&#8221; _builder_version=&#8221;4.20.2&#8243; _module_preset=&#8221;default&#8221; background_enable_image=&#8221;off&#8221; min_height=&#8221;1000px&#8221; global_colors_info=&#8221;{}&#8221;][et_pb_row column_structure=&#8221;2_5,3_5&#8243; _builder_version=&#8221;4.19.0&#8243; _module_preset=&#8221;default&#8221; max_width=&#8221;1600px&#8221; custom_padding=&#8221;||0px||false|false&#8221; global_colors_info=&#8221;{}&#8221;][et_pb_column type=&#8221;2_5&#8243; _builder_version=&#8221;4.19.0&#8243; _module_preset=&#8221;default&#8221; global_colors_info=&#8221;{}&#8221;][et_pb_text _builder_version=&#8221;4.20.2&#8243; _module_preset=&#8221;default&#8221; header_font=&#8221;|||on|||||&#8221; header_text_color=&#8221;#FFFFFF&#8221; header_font_size=&#8221;40px&#8221; background_color=&#8221;#2f3e4f&#8221; custom_margin=&#8221;||-2px|||&#8221; header_text_color_tablet=&#8221;#2f3e4f&#8221; header_text_color_phone=&#8221;#FFFFFF&#8221; header_text_color_last_edited=&#8221;on|desktop&#8221; header_font_size_tablet=&#8221;40px&#8221; header_font_size_phone=&#8221;30px&#8221; header_font_size_last_edited=&#8221;on|desktop&#8221; border_width_top=&#8221;6px&#8221; border_color_top=&#8221;#2f3e4f&#8221; border_width_left=&#8221;10px&#8221; border_color_left=&#8221;#2f3e4f&#8221; global_colors_info=&#8221;{}&#8221;]<\/p>\n<h1><b>TECHNOLOGY + FUNCTION<\/b><\/h1>\n<p>[\/et_pb_text][et_pb_text _builder_version=&#8221;4.20.2&#8243; _module_preset=&#8221;default&#8221; text_text_color=&#8221;#000000&#8243; text_font_size=&#8221;18px&#8221; header_2_font=&#8221;|700|||||||&#8221; header_2_text_color=&#8221;#2f3e4f&#8221; header_2_line_height=&#8221;1.3em&#8221; background_color=&#8221;rgba(255,255,255,0.77)&#8221; custom_margin=&#8221;||0px||false|false&#8221; custom_padding=&#8221;||0px||false|false&#8221; border_width_all=&#8221;12px&#8221; border_color_all=&#8221;rgba(255,255,255,0.05)&#8221; global_colors_info=&#8221;{}&#8221;]<\/p>\n<h2>The MSTS \u2013<br \/>multi-screen support system<\/h2>\n<p>consists of:<\/p>\n<p>&#8211; Stand legs adaptable and extendable<\/p>\n<p>&#8211; Swivel arms for monitors<\/p>\n<p>&#8211; VESA-standard mountings and<br \/>\u00a0 quick release<\/p>\n<p>These accommodate all monitor sizes up to 32&#8243; and\/or 12 kg, can be individually adjusted and optionally easily expanded or reduced. The integrated forced cable routing optimises work safety and appearance.<\/p>\n<p>&nbsp;<\/p>\n<p>[\/et_pb_text][\/et_pb_column][et_pb_column type=&#8221;3_5&#8243; _builder_version=&#8221;4.19.0&#8243; _module_preset=&#8221;default&#8221; global_colors_info=&#8221;{}&#8221;][et_pb_image src=&#8221;https:\/\/deskflex-europe.eu\/wp-content\/uploads\/2023\/01\/MSTS-1.jpg&#8221; title_text=&#8221;MSTS&#8221; show_in_lightbox=&#8221;on&#8221; _builder_version=&#8221;4.19.0&#8243; _module_preset=&#8221;default&#8221; global_colors_info=&#8221;{}&#8221;][\/et_pb_image][\/et_pb_column][\/et_pb_row][et_pb_row column_structure=&#8221;1_2,1_2&#8243; _builder_version=&#8221;4.19.0&#8243; _module_preset=&#8221;default&#8221; max_width=&#8221;1600px&#8221; custom_margin=&#8221;||||false|false&#8221; custom_padding=&#8221;0px||||false|false&#8221; global_colors_info=&#8221;{}&#8221;][et_pb_column type=&#8221;1_2&#8243; _builder_version=&#8221;4.19.0&#8243; _module_preset=&#8221;default&#8221; global_colors_info=&#8221;{}&#8221;][et_pb_image src=&#8221;https:\/\/deskflex-europe.eu\/wp-content\/uploads\/2023\/01\/MSTS_1-1.jpg&#8221; title_text=&#8221;MSTS_1&#8243; show_in_lightbox=&#8221;on&#8221; _builder_version=&#8221;4.19.0&#8243; _module_preset=&#8221;default&#8221; global_colors_info=&#8221;{}&#8221;][\/et_pb_image][\/et_pb_column][et_pb_column type=&#8221;1_2&#8243; _builder_version=&#8221;4.19.0&#8243; _module_preset=&#8221;default&#8221; global_colors_info=&#8221;{}&#8221;][et_pb_image src=&#8221;https:\/\/deskflex-europe.eu\/wp-content\/uploads\/2023\/01\/MSTS_2-1.jpg&#8221; title_text=&#8221;MSTS_2&#8243; show_in_lightbox=&#8221;on&#8221; _builder_version=&#8221;4.19.0&#8243; _module_preset=&#8221;default&#8221; global_colors_info=&#8221;{}&#8221;][\/et_pb_image][\/et_pb_column][\/et_pb_row][\/et_pb_section][et_pb_section fb_built=&#8221;1&#8243; admin_label=&#8221;TECHNIK + FUNKTION \u2013 MSTS auf Schwarz&#8221; module_id=&#8221;msts_2&#8243; _builder_version=&#8221;4.19.0&#8243; _module_preset=&#8221;default&#8221; background_color=&#8221;#000000&#8243; background_enable_image=&#8221;off&#8221; min_height=&#8221;1000px&#8221; global_colors_info=&#8221;{}&#8221;][et_pb_row column_structure=&#8221;1_4,1_4,1_4,1_4&#8243; use_custom_gutter=&#8221;on&#8221; gutter_width=&#8221;2&#8243; _builder_version=&#8221;4.19.0&#8243; _module_preset=&#8221;default&#8221; max_width=&#8221;1600px&#8221; custom_margin=&#8221;||||false|false&#8221; custom_padding=&#8221;||||false|false&#8221; global_colors_info=&#8221;{}&#8221;][et_pb_column type=&#8221;1_4&#8243; _builder_version=&#8221;4.19.0&#8243; _module_preset=&#8221;default&#8221; global_colors_info=&#8221;{}&#8221;][et_pb_text _builder_version=&#8221;4.20.2&#8243; _module_preset=&#8221;default&#8221; header_font=&#8221;|||on|||||&#8221; header_text_color=&#8221;#FFFFFF&#8221; background_color=&#8221;#2f3e4f&#8221; custom_margin=&#8221;||-2px|||&#8221; header_text_color_tablet=&#8221;#2f3e4f&#8221; header_text_color_phone=&#8221;#FFFFFF&#8221; header_text_color_last_edited=&#8221;on|desktop&#8221; header_font_size_tablet=&#8221;40px&#8221; header_font_size_phone=&#8221;30px&#8221; header_font_size_last_edited=&#8221;on|desktop&#8221; border_width_top=&#8221;6px&#8221; border_color_top=&#8221;#2f3e4f&#8221; border_width_left=&#8221;10px&#8221; border_color_left=&#8221;#2f3e4f&#8221; global_colors_info=&#8221;{}&#8221;]<\/p>\n<h1><b>TECHNOLOGY + FUNCTION<\/b><\/h1>\n<p>[\/et_pb_text][et_pb_text _builder_version=&#8221;4.20.2&#8243; _module_preset=&#8221;default&#8221; text_text_color=&#8221;#000000&#8243; text_font_size=&#8221;18px&#8221; header_2_font=&#8221;|700|||||||&#8221; header_2_text_color=&#8221;#2f3e4f&#8221; header_2_line_height=&#8221;1.3em&#8221; background_color=&#8221;rgba(255,255,255,0.77)&#8221; custom_margin=&#8221;||0px||false|false&#8221; custom_padding=&#8221;||0px||false|false&#8221; border_width_all=&#8221;12px&#8221; border_color_all=&#8221;rgba(255,255,255,0.05)&#8221; global_colors_info=&#8221;{}&#8221;]<\/p>\n<h2>The MSTS \u2013<br \/>multi-screen support system<\/h2>\n<p>[\/et_pb_text][\/et_pb_column][et_pb_column type=&#8221;1_4&#8243; _builder_version=&#8221;4.19.0&#8243; _module_preset=&#8221;default&#8221; global_colors_info=&#8221;{}&#8221;][et_pb_image src=&#8221;https:\/\/deskflex-europe.eu\/wp-content\/uploads\/2023\/01\/DSC9370-Bearbeitet.jpg&#8221; title_text=&#8221;_DSC9370-Bearbeitet&#8221; show_in_lightbox=&#8221;on&#8221; _builder_version=&#8221;4.19.0&#8243; _module_preset=&#8221;default&#8221; custom_margin=&#8221;||0px||false|false&#8221; custom_padding=&#8221;||0px||false|false&#8221; global_colors_info=&#8221;{}&#8221;][\/et_pb_image][et_pb_text _builder_version=&#8221;4.20.2&#8243; _module_preset=&#8221;default&#8221; text_text_color=&#8221;#000000&#8243; text_font_size=&#8221;18px&#8221; header_2_font=&#8221;|700|||||||&#8221; header_2_text_color=&#8221;#2f3e4f&#8221; header_2_line_height=&#8221;1.3em&#8221; background_color=&#8221;rgba(255,255,255,0.77)&#8221; custom_margin=&#8221;0px||0px||false|false&#8221; custom_padding=&#8221;0px||0px||false|false&#8221; border_width_all=&#8221;12px&#8221; border_color_all=&#8221;rgba(255,255,255,0.05)&#8221; global_colors_info=&#8221;{}&#8221;]<\/p>\n<p>Support base VESA standard 100 \u00d7 100 mm<\/p>\n<p>[\/et_pb_text][\/et_pb_column][et_pb_column type=&#8221;1_4&#8243; _builder_version=&#8221;4.19.0&#8243; _module_preset=&#8221;default&#8221; global_colors_info=&#8221;{}&#8221;][et_pb_image src=&#8221;https:\/\/deskflex-europe.eu\/wp-content\/uploads\/2023\/01\/DSC9364-Bearbeitet-3.jpg&#8221; title_text=&#8221;_DSC9364-Bearbeitet-3&#8243; show_in_lightbox=&#8221;on&#8221; _builder_version=&#8221;4.19.0&#8243; _module_preset=&#8221;default&#8221; custom_margin=&#8221;||0px||false|false&#8221; custom_padding=&#8221;||0px||false|false&#8221; global_colors_info=&#8221;{}&#8221;][\/et_pb_image][et_pb_text _builder_version=&#8221;4.20.2&#8243; _module_preset=&#8221;default&#8221; text_text_color=&#8221;#000000&#8243; text_font_size=&#8221;18px&#8221; header_2_font=&#8221;|700|||||||&#8221; header_2_text_color=&#8221;#2f3e4f&#8221; header_2_line_height=&#8221;1.3em&#8221; background_color=&#8221;rgba(255,255,255,0.77)&#8221; custom_margin=&#8221;0px||0px||false|false&#8221; custom_padding=&#8221;0px||0px||false|false&#8221; border_width_all=&#8221;12px&#8221; border_color_all=&#8221;rgba(255,255,255,0.05)&#8221; global_colors_info=&#8221;{}&#8221;]<\/p>\n<p>Stand leg with forced cable guide and hex key<\/p>\n<p>[\/et_pb_text][\/et_pb_column][et_pb_column type=&#8221;1_4&#8243; _builder_version=&#8221;4.19.0&#8243; _module_preset=&#8221;default&#8221; global_colors_info=&#8221;{}&#8221;][et_pb_image src=&#8221;https:\/\/deskflex-europe.eu\/wp-content\/uploads\/2023\/01\/DSC9364-Bearbeitet-2.jpg&#8221; title_text=&#8221;_DSC9364-Bearbeitet-2&#8243; show_in_lightbox=&#8221;on&#8221; _builder_version=&#8221;4.19.0&#8243; _module_preset=&#8221;default&#8221; custom_margin=&#8221;||0px||false|false&#8221; custom_padding=&#8221;||0px||false|false&#8221; global_colors_info=&#8221;{}&#8221;][\/et_pb_image][et_pb_text _builder_version=&#8221;4.20.2&#8243; _module_preset=&#8221;default&#8221; text_text_color=&#8221;#000000&#8243; text_font_size=&#8221;18px&#8221; header_2_font=&#8221;|700|||||||&#8221; header_2_text_color=&#8221;#2f3e4f&#8221; header_2_line_height=&#8221;1.3em&#8221; background_color=&#8221;rgba(255,255,255,0.77)&#8221; custom_margin=&#8221;0px||0px||false|false&#8221; custom_padding=&#8221;0px||0px||false|false&#8221; border_width_all=&#8221;12px&#8221; border_color_all=&#8221;rgba(255,255,255,0.05)&#8221; global_colors_info=&#8221;{}&#8221;]<\/p>\n<p>Double-jointed swivel arm for monitors<\/p>\n<p>[\/et_pb_text][\/et_pb_column][\/et_pb_row][et_pb_row column_structure=&#8221;1_4,1_4,1_4,1_4&#8243; use_custom_gutter=&#8221;on&#8221; gutter_width=&#8221;2&#8243; _builder_version=&#8221;4.19.0&#8243; _module_preset=&#8221;default&#8221; max_width=&#8221;1600px&#8221; custom_margin=&#8221;||||false|false&#8221; custom_padding=&#8221;||||false|false&#8221; global_colors_info=&#8221;{}&#8221;][et_pb_column type=&#8221;1_4&#8243; _builder_version=&#8221;4.19.0&#8243; _module_preset=&#8221;default&#8221; global_colors_info=&#8221;{}&#8221;][\/et_pb_column][et_pb_column type=&#8221;1_4&#8243; _builder_version=&#8221;4.19.0&#8243; _module_preset=&#8221;default&#8221; global_colors_info=&#8221;{}&#8221;][et_pb_image src=&#8221;https:\/\/deskflex-europe.eu\/wp-content\/uploads\/2023\/01\/DSC9364-Bearbeitet.jpg&#8221; title_text=&#8221;_DSC9364-Bearbeitet&#8221; show_in_lightbox=&#8221;on&#8221; _builder_version=&#8221;4.19.0&#8243; _module_preset=&#8221;default&#8221; custom_margin=&#8221;||0px||false|false&#8221; custom_padding=&#8221;||0px||false|false&#8221; global_colors_info=&#8221;{}&#8221;][\/et_pb_image][et_pb_text _builder_version=&#8221;4.20.2&#8243; _module_preset=&#8221;default&#8221; text_text_color=&#8221;#000000&#8243; text_font_size=&#8221;18px&#8221; header_2_font=&#8221;|700|||||||&#8221; header_2_text_color=&#8221;#2f3e4f&#8221; header_2_line_height=&#8221;1.3em&#8221; background_color=&#8221;rgba(255,255,255,0.77)&#8221; custom_margin=&#8221;0px||0px||false|false&#8221; custom_padding=&#8221;0px||0px||false|false&#8221; border_width_all=&#8221;12px&#8221; border_color_all=&#8221;rgba(255,255,255,0.05)&#8221; global_colors_info=&#8221;{}&#8221;]<\/p>\n<p>MSTS stand leg with screen swivel arms\/Quick-release on aluminium system rail<\/p>\n<p>[\/et_pb_text][\/et_pb_column][et_pb_column type=&#8221;1_4&#8243; _builder_version=&#8221;4.19.0&#8243; _module_preset=&#8221;default&#8221; global_colors_info=&#8221;{}&#8221;][et_pb_image src=&#8221;https:\/\/deskflex-europe.eu\/wp-content\/uploads\/2023\/01\/DSC9394-Bearbeitet.jpg&#8221; title_text=&#8221;_DSC9394-Bearbeitet&#8221; show_in_lightbox=&#8221;on&#8221; _builder_version=&#8221;4.19.0&#8243; _module_preset=&#8221;default&#8221; custom_margin=&#8221;||0px||false|false&#8221; custom_padding=&#8221;||0px||false|false&#8221; global_colors_info=&#8221;{}&#8221;][\/et_pb_image][et_pb_text _builder_version=&#8221;4.20.2&#8243; _module_preset=&#8221;default&#8221; text_text_color=&#8221;#000000&#8243; text_font_size=&#8221;18px&#8221; header_2_font=&#8221;|700|||||||&#8221; header_2_text_color=&#8221;#2f3e4f&#8221; header_2_line_height=&#8221;1.3em&#8221; background_color=&#8221;rgba(255,255,255,0.77)&#8221; custom_margin=&#8221;0px||0px||false|false&#8221; custom_padding=&#8221;0px||0px||false|false&#8221; border_width_all=&#8221;12px&#8221; border_color_all=&#8221;rgba(255,255,255,0.05)&#8221; global_colors_info=&#8221;{}&#8221;]<\/p>\n<p>Complete installation, fully wired<\/p>\n<p>[\/et_pb_text][\/et_pb_column][et_pb_column type=&#8221;1_4&#8243; _builder_version=&#8221;4.19.0&#8243; _module_preset=&#8221;default&#8221; global_colors_info=&#8221;{}&#8221;][et_pb_image src=&#8221;https:\/\/deskflex-europe.eu\/wp-content\/uploads\/2023\/01\/DSC9405-Bearbeitet.jpg&#8221; title_text=&#8221;_DSC9405-Bearbeitet&#8221; show_in_lightbox=&#8221;on&#8221; _builder_version=&#8221;4.19.0&#8243; _module_preset=&#8221;default&#8221; custom_margin=&#8221;||0px||false|false&#8221; custom_padding=&#8221;||0px||false|false&#8221; global_colors_info=&#8221;{}&#8221;][\/et_pb_image][et_pb_text _builder_version=&#8221;4.20.2&#8243; _module_preset=&#8221;default&#8221; text_text_color=&#8221;#000000&#8243; text_font_size=&#8221;18px&#8221; header_2_font=&#8221;|700|||||||&#8221; header_2_text_color=&#8221;#2f3e4f&#8221; header_2_line_height=&#8221;1.3em&#8221; background_color=&#8221;rgba(255,255,255,0.77)&#8221; custom_margin=&#8221;0px||0px||false|false&#8221; custom_padding=&#8221;0px||0px||false|false&#8221; border_width_all=&#8221;12px&#8221; border_color_all=&#8221;rgba(255,255,255,0.05)&#8221; global_colors_info=&#8221;{}&#8221;]<\/p>\n<p>Complete installation, fully wired<\/p>\n<p>[\/et_pb_text][\/et_pb_column][\/et_pb_row][\/et_pb_section][et_pb_section fb_built=&#8221;1&#8243; admin_label=&#8221;TECHNIK + FUNKTION \u2013 Das Kabelmanagement&#8221; module_id=&#8221;kabelmanagement_en&#8221; _builder_version=&#8221;4.20.2&#8243; _module_preset=&#8221;default&#8221; background_color=&#8221;#000000&#8243; background_enable_image=&#8221;off&#8221; min_height=&#8221;1000px&#8221; global_colors_info=&#8221;{}&#8221;][et_pb_row column_structure=&#8221;1_3,1_3,1_3&#8243; use_custom_gutter=&#8221;on&#8221; gutter_width=&#8221;2&#8243; _builder_version=&#8221;4.19.0&#8243; _module_preset=&#8221;default&#8221; max_width=&#8221;1600px&#8221; custom_margin=&#8221;||||false|false&#8221; custom_padding=&#8221;||||false|false&#8221; global_colors_info=&#8221;{}&#8221;][et_pb_column type=&#8221;1_3&#8243; _builder_version=&#8221;4.19.0&#8243; _module_preset=&#8221;default&#8221; global_colors_info=&#8221;{}&#8221;][et_pb_text _builder_version=&#8221;4.20.2&#8243; _module_preset=&#8221;default&#8221; header_font=&#8221;|||on|||||&#8221; header_text_color=&#8221;#FFFFFF&#8221; background_color=&#8221;#2f3e4f&#8221; custom_margin=&#8221;||-2px|||&#8221; header_text_color_tablet=&#8221;#2f3e4f&#8221; header_text_color_phone=&#8221;#FFFFFF&#8221; header_text_color_last_edited=&#8221;on|desktop&#8221; header_font_size_tablet=&#8221;40px&#8221; header_font_size_phone=&#8221;30px&#8221; header_font_size_last_edited=&#8221;on|desktop&#8221; border_width_top=&#8221;6px&#8221; border_color_top=&#8221;#2f3e4f&#8221; border_width_left=&#8221;10px&#8221; border_color_left=&#8221;#2f3e4f&#8221; global_colors_info=&#8221;{}&#8221;]<\/p>\n<h1><b>TECHNOLOGY + FUNCTION<\/b><\/h1>\n<p>[\/et_pb_text][et_pb_text _builder_version=&#8221;4.20.2&#8243; _module_preset=&#8221;default&#8221; text_text_color=&#8221;#000000&#8243; text_font_size=&#8221;18px&#8221; header_2_font=&#8221;|700|||||||&#8221; header_2_text_color=&#8221;#2f3e4f&#8221; header_2_line_height=&#8221;1.3em&#8221; background_color=&#8221;rgba(255,255,255,0.77)&#8221; custom_margin=&#8221;||0px||false|false&#8221; custom_padding=&#8221;||0px||false|false&#8221; border_width_all=&#8221;12px&#8221; border_color_all=&#8221;rgba(255,255,255,0.05)&#8221; global_colors_info=&#8221;{}&#8221;]<\/p>\n<h2>Cable Management<\/h2>\n<p>Due to the disproportionate amount of cables in workplaces with multi-screen applications, it is also advisable to accommodate the cable management in a <strong>closed cable duct<\/strong> for power and data supply.<\/p>\n<p>Cable ducts in different sizes as well as operating and inspection options are available for accommodating all possible technical components or are individually adapted to requirements.<\/p>\n<p>The flexible cable routing to the floor, ceiling or wall optimises the cable routing paths, provides safety and enhances the appearance. Different solutions are available depending on cable quantities and cable routing paths.<\/p>\n<p>[\/et_pb_text][\/et_pb_column][et_pb_column type=&#8221;1_3&#8243; _builder_version=&#8221;4.19.0&#8243; _module_preset=&#8221;default&#8221; global_colors_info=&#8221;{}&#8221;][et_pb_image src=&#8221;https:\/\/deskflex-europe.eu\/wp-content\/uploads\/2023\/01\/Kabelmanagement_1.jpg&#8221; title_text=&#8221;Kabelmanagement_1&#8243; show_in_lightbox=&#8221;on&#8221; _builder_version=&#8221;4.19.0&#8243; _module_preset=&#8221;default&#8221; custom_margin=&#8221;||0px||false|false&#8221; custom_padding=&#8221;||0px||false|false&#8221; global_colors_info=&#8221;{}&#8221;][\/et_pb_image][et_pb_text _builder_version=&#8221;4.20.2&#8243; _module_preset=&#8221;default&#8221; text_text_color=&#8221;#000000&#8243; text_font_size=&#8221;18px&#8221; header_2_font=&#8221;|700|||||||&#8221; header_2_text_color=&#8221;#2f3e4f&#8221; header_2_line_height=&#8221;1.3em&#8221; background_color=&#8221;rgba(255,255,255,0.77)&#8221; custom_margin=&#8221;0px||40px||false|false&#8221; custom_padding=&#8221;0px||0px||false|false&#8221; border_width_all=&#8221;12px&#8221; border_color_all=&#8221;rgba(255,255,255,0.05)&#8221; global_colors_info=&#8221;{}&#8221;]<\/p>\n<p>flexible cable chains<br \/>round large<br \/>round small<br \/>rectangular + magnetic<\/p>\n<p>[\/et_pb_text][et_pb_image src=&#8221;https:\/\/deskflex-europe.eu\/wp-content\/uploads\/2023\/01\/Kabelmanagement_3-2.jpg&#8221; title_text=&#8221;Kabelmanagement_3&#8243; show_in_lightbox=&#8221;on&#8221; _builder_version=&#8221;4.19.0&#8243; _module_preset=&#8221;default&#8221; custom_margin=&#8221;||0px||false|false&#8221; custom_padding=&#8221;||0px||false|false&#8221; global_colors_info=&#8221;{}&#8221;][\/et_pb_image][et_pb_text _builder_version=&#8221;4.20.2&#8243; _module_preset=&#8221;default&#8221; text_text_color=&#8221;#000000&#8243; text_font_size=&#8221;18px&#8221; header_2_font=&#8221;|700|||||||&#8221; header_2_text_color=&#8221;#2f3e4f&#8221; header_2_line_height=&#8221;1.3em&#8221; background_color=&#8221;rgba(255,255,255,0.77)&#8221; custom_margin=&#8221;0px||0px||false|false&#8221; custom_padding=&#8221;0px||0px||false|false&#8221; border_width_all=&#8221;12px&#8221; border_color_all=&#8221;rgba(255,255,255,0.05)&#8221; global_colors_info=&#8221;{}&#8221;]<\/p>\n<p>flexible, magnetic cable chain,<br \/>rectangular for cable routing on the desk frame<\/p>\n<p>[\/et_pb_text][\/et_pb_column][et_pb_column type=&#8221;1_3&#8243; _builder_version=&#8221;4.19.0&#8243; _module_preset=&#8221;default&#8221; global_colors_info=&#8221;{}&#8221;][et_pb_image src=&#8221;https:\/\/deskflex-europe.eu\/wp-content\/uploads\/2023\/01\/Kabelmanagement_2.jpg&#8221; title_text=&#8221;Kabelmanagement_2&#8243; show_in_lightbox=&#8221;on&#8221; _builder_version=&#8221;4.19.0&#8243; _module_preset=&#8221;default&#8221; custom_margin=&#8221;||0px||false|false&#8221; custom_padding=&#8221;||0px||false|false&#8221; global_colors_info=&#8221;{}&#8221;][\/et_pb_image][et_pb_text _builder_version=&#8221;4.20.2&#8243; _module_preset=&#8221;default&#8221; text_text_color=&#8221;#000000&#8243; text_font_size=&#8221;18px&#8221; header_2_font=&#8221;|700|||||||&#8221; header_2_text_color=&#8221;#2f3e4f&#8221; header_2_line_height=&#8221;1.3em&#8221; background_color=&#8221;rgba(255,255,255,0.77)&#8221; custom_margin=&#8221;0px||40px||false|false&#8221; custom_padding=&#8221;0px||0px||false|false&#8221; border_width_all=&#8221;12px&#8221; border_color_all=&#8221;rgba(255,255,255,0.05)&#8221; global_colors_info=&#8221;{}&#8221;]<\/p>\n<p>Cable duct open with cable cover and brush strips<\/p>\n<p>[\/et_pb_text][et_pb_image src=&#8221;https:\/\/deskflex-europe.eu\/wp-content\/uploads\/2023\/01\/Kabelmanagement_4-1.jpg&#8221; title_text=&#8221;Kabelmanagement_4&#8243; show_in_lightbox=&#8221;on&#8221; _builder_version=&#8221;4.19.0&#8243; _module_preset=&#8221;default&#8221; custom_margin=&#8221;||0px||false|false&#8221; custom_padding=&#8221;||0px||false|false&#8221; global_colors_info=&#8221;{}&#8221;][\/et_pb_image][et_pb_text _builder_version=&#8221;4.20.2&#8243; _module_preset=&#8221;default&#8221; text_text_color=&#8221;#000000&#8243; text_font_size=&#8221;18px&#8221; header_2_font=&#8221;|700|||||||&#8221; header_2_text_color=&#8221;#2f3e4f&#8221; header_2_line_height=&#8221;1.3em&#8221; background_color=&#8221;rgba(255,255,255,0.77)&#8221; custom_margin=&#8221;0px||0px||false|false&#8221; custom_padding=&#8221;0px||0px||false|false&#8221; border_width_all=&#8221;12px&#8221; border_color_all=&#8221;rgba(255,255,255,0.05)&#8221; global_colors_info=&#8221;{}&#8221;]<\/p>\n<p>flexible, magnetic cable chain,<br \/>rectangular for cable routing on the desk frame<\/p>\n<p>[\/et_pb_text][\/et_pb_column][\/et_pb_row][\/et_pb_section][et_pb_section fb_built=&#8221;1&#8243; admin_label=&#8221;TECHNIK + FUNKTION \u2013 Die Einheit&#8221; module_id=&#8221;einheit_en&#8221; _builder_version=&#8221;4.20.2&#8243; _module_preset=&#8221;default&#8221; background_image=&#8221;https:\/\/deskflex-europe.eu\/wp-content\/uploads\/2023\/01\/Einheit.jpg&#8221; min_height=&#8221;1000px&#8221; global_colors_info=&#8221;{}&#8221;][et_pb_row column_structure=&#8221;2_5,3_5&#8243; _builder_version=&#8221;4.19.0&#8243; _module_preset=&#8221;default&#8221; max_width=&#8221;1600px&#8221; global_colors_info=&#8221;{}&#8221;][et_pb_column type=&#8221;2_5&#8243; _builder_version=&#8221;4.19.0&#8243; _module_preset=&#8221;default&#8221; global_colors_info=&#8221;{}&#8221;][et_pb_text _builder_version=&#8221;4.20.2&#8243; _module_preset=&#8221;default&#8221; header_font=&#8221;|||on|||||&#8221; header_text_color=&#8221;#FFFFFF&#8221; header_font_size=&#8221;40px&#8221; background_color=&#8221;#2f3e4f&#8221; custom_margin=&#8221;||-2px|||&#8221; header_text_color_tablet=&#8221;#2f3e4f&#8221; header_text_color_phone=&#8221;#FFFFFF&#8221; header_text_color_last_edited=&#8221;on|phone&#8221; header_font_size_tablet=&#8221;40px&#8221; header_font_size_phone=&#8221;30px&#8221; header_font_size_last_edited=&#8221;on|desktop&#8221; border_width_top=&#8221;6px&#8221; border_color_top=&#8221;#2f3e4f&#8221; border_width_left=&#8221;10px&#8221; border_color_left=&#8221;#2f3e4f&#8221; global_colors_info=&#8221;{}&#8221;]<\/p>\n<h1><b>TECHNOLOGY + FUNCTION<\/b><\/h1>\n<p>[\/et_pb_text][et_pb_text _builder_version=&#8221;4.20.2&#8243; _module_preset=&#8221;default&#8221; text_text_color=&#8221;#000000&#8243; text_font_size=&#8221;18px&#8221; header_2_font=&#8221;|700|||||||&#8221; header_2_text_color=&#8221;#2f3e4f&#8221; header_2_line_height=&#8221;1.3em&#8221; background_color=&#8221;rgba(255,255,255,0.77)&#8221; custom_margin=&#8221;||||false|false&#8221; custom_padding=&#8221;||||false|false&#8221; header_text_color_tablet=&#8221;&#8221; header_text_color_phone=&#8221;&#8221; header_text_color_last_edited=&#8221;on|phone&#8221; border_width_all=&#8221;12px&#8221; border_color_all=&#8221;rgba(255,255,255,0.05)&#8221; global_colors_info=&#8221;{}&#8221;]<\/p>\n<h2>The Unit<\/h2>\n<p>Thanks to the combination of table and console with the <strong>3-reference adjustment technology<\/strong>, the DESK<em>FLEX<\/em> system offers the unique possibility to individually adjust the unit. Options include setting the angle of observation, individual eye-friendly visual axis, optimum viewing distance and, moreover, realising the correct standing\/sitting working heights for all users in the individual working positions.<\/p>\n<p>The system can be individually adjusted using the digital adjustment panel and can be intuitively operated by the user.<\/p>\n<p>[\/et_pb_text][\/et_pb_column][et_pb_column type=&#8221;3_5&#8243; _builder_version=&#8221;4.19.0&#8243; _module_preset=&#8221;default&#8221; global_colors_info=&#8221;{}&#8221;][\/et_pb_column][\/et_pb_row][et_pb_row column_structure=&#8221;2_5,3_5&#8243; _builder_version=&#8221;4.19.0&#8243; _module_preset=&#8221;default&#8221; max_width=&#8221;1600px&#8221; global_colors_info=&#8221;{}&#8221;][et_pb_column type=&#8221;2_5&#8243; _builder_version=&#8221;4.19.0&#8243; _module_preset=&#8221;default&#8221; global_colors_info=&#8221;{}&#8221;][et_pb_text _builder_version=&#8221;4.20.2&#8243; _module_preset=&#8221;default&#8221; text_text_color=&#8221;#000000&#8243; text_font_size=&#8221;18px&#8221; header_2_font=&#8221;|700|||||||&#8221; header_2_text_color=&#8221;#2f3e4f&#8221; header_2_line_height=&#8221;1.3em&#8221; background_color=&#8221;rgba(255,255,255,0.77)&#8221; custom_margin=&#8221;0px||||false|false&#8221; custom_padding=&#8221;||||false|false&#8221; border_width_all=&#8221;12px&#8221; border_color_all=&#8221;rgba(255,255,255,0.05)&#8221; global_colors_info=&#8221;{}&#8221;]<\/p>\n<p><strong>The 3-reference adjustment technology:<\/strong><\/p>\n<p><strong>Adjustment reference 1:\u2028<\/strong><br \/>At the touch of a button, the user can adjust the base console and the desk synchronously from a seated to a standing position (from 65\u2013130 cm).<\/p>\n<p><strong>Adjustment reference 2:<\/strong><br \/>The screen height can be adjusted independently of the working height.<\/p>\n<p><strong>Adjustment<\/strong> <strong>reference<\/strong> <strong>3:<\/strong><br \/>The working height can be adjusted independently of the screen height.<\/p>\n<p>[\/et_pb_text][\/et_pb_column][et_pb_column type=&#8221;3_5&#8243; _builder_version=&#8221;4.19.0&#8243; _module_preset=&#8221;default&#8221; global_colors_info=&#8221;{}&#8221;][et_pb_image src=&#8221;https:\/\/deskflex-europe.eu\/wp-content\/uploads\/2023\/03\/DSC9583.jpg&#8221; title_text=&#8221;_DSC9583&#8243; _builder_version=&#8221;4.20.2&#8243; _module_preset=&#8221;default&#8221; global_colors_info=&#8221;{}&#8221;][\/et_pb_image][et_pb_divider show_divider=&#8221;off&#8221; _builder_version=&#8221;4.19.0&#8243; _module_preset=&#8221;default&#8221; height=&#8221;100px&#8221; global_colors_info=&#8221;{}&#8221;][\/et_pb_divider][\/et_pb_column][\/et_pb_row][\/et_pb_section][et_pb_section fb_built=&#8221;1&#8243; admin_label=&#8221;Deskflex Form und Farbe&#8221; module_id=&#8221;farbe_en&#8221; _builder_version=&#8221;4.20.2&#8243; _module_preset=&#8221;default&#8221; background_color=&#8221;#000000&#8243; background_image=&#8221;https:\/\/deskflex-europe.eu\/wp-content\/uploads\/2023\/01\/zeichnungen-5.jpg&#8221; parallax=&#8221;on&#8221; min_height=&#8221;1000px&#8221; background_color_phone=&#8221;#000000&#8243; background_last_edited=&#8221;on|phone&#8221; background_enable_color_phone=&#8221;on&#8221; background_enable_image_phone=&#8221;off&#8221; global_colors_info=&#8221;{}&#8221;][et_pb_row column_structure=&#8221;1_2,1_6,1_6,1_6&#8243; use_custom_gutter=&#8221;on&#8221; gutter_width=&#8221;2&#8243; _builder_version=&#8221;4.19.0&#8243; _module_preset=&#8221;default&#8221; max_width=&#8221;1600px&#8221; custom_margin=&#8221;||||false|false&#8221; custom_padding=&#8221;||||false|false&#8221; global_colors_info=&#8221;{}&#8221;][et_pb_column type=&#8221;1_2&#8243; _builder_version=&#8221;4.19.0&#8243; _module_preset=&#8221;default&#8221; global_colors_info=&#8221;{}&#8221;][et_pb_text _builder_version=&#8221;4.20.2&#8243; _module_preset=&#8221;default&#8221; header_font=&#8221;|||on|||||&#8221; header_text_color=&#8221;#FFFFFF&#8221; header_font_size=&#8221;40px&#8221; background_color=&#8221;#2f3e4f&#8221; custom_margin=&#8221;||-2px|||&#8221; header_text_color_tablet=&#8221;#2f3e4f&#8221; header_text_color_phone=&#8221;#FFFFFF&#8221; header_text_color_last_edited=&#8221;on|desktop&#8221; header_font_size_tablet=&#8221;40px&#8221; header_font_size_phone=&#8221;30px&#8221; header_font_size_last_edited=&#8221;on|desktop&#8221; border_width_top=&#8221;6px&#8221; border_color_top=&#8221;#2f3e4f&#8221; border_width_left=&#8221;10px&#8221; border_color_left=&#8221;#2f3e4f&#8221; global_colors_info=&#8221;{}&#8221;]<\/p>\n<h1><b>Desk<em>flex<\/em> DESIGN AND COLOUR<br \/><\/b><\/h1>\n<p>[\/et_pb_text][et_pb_text _builder_version=&#8221;4.20.2&#8243; _module_preset=&#8221;default&#8221; text_text_color=&#8221;#000000&#8243; text_font_size=&#8221;18px&#8221; header_2_font=&#8221;|700|||||||&#8221; header_2_text_color=&#8221;#2f3e4f&#8221; header_2_font_size=&#8221;24px&#8221; header_2_line_height=&#8221;1.3em&#8221; background_color=&#8221;rgba(255,255,255,0.77)&#8221; custom_margin=&#8221;||0px||false|false&#8221; custom_padding=&#8221;||0px||false|false&#8221; border_width_all=&#8221;12px&#8221; border_color_all=&#8221;rgba(255,255,255,0.05)&#8221; global_colors_info=&#8221;{}&#8221;]<\/p>\n<p>Multi-screen workstations are often integrated into current furnishings or are holistically redesigned. The wide colour spectrum opens up a range of possibilities.<\/p>\n<p>The three basic colours for the base frames, in combination with the wide palette of colours and d\u00e9cors for desks and complementary furniture, can thus be integrated into current furnishings or allow for completely new colour and design concepts. Standard shapes always dominate. Linear, completely individually available in all widths and depths, the DESK<em>FLEX<\/em> system also stands for the greatest flexibility in this regard and offers the user solutions in curved or completely individual free shapes.<\/p>\n<h2><\/h2>\n<h2>DESK<em>FLEX<\/em> \u2013 Multi-screen workstation solutions made to measure!<\/h2>\n<p>[\/et_pb_text][\/et_pb_column][et_pb_column type=&#8221;1_6&#8243; _builder_version=&#8221;4.19.0&#8243; _module_preset=&#8221;default&#8221; global_colors_info=&#8221;{}&#8221;][et_pb_text _builder_version=&#8221;4.20.2&#8243; _module_preset=&#8221;default&#8221; header_font=&#8221;||||||||&#8221; header_text_color=&#8221;#FFFFFF&#8221; header_font_size=&#8221;20px&#8221; background_color=&#8221;RGBA(255,255,255,0)&#8221; custom_margin=&#8221;||-2px|||&#8221; header_text_color_tablet=&#8221;#2f3e4f&#8221; header_text_color_phone=&#8221;#2f3e4f&#8221; header_text_color_last_edited=&#8221;on|desktop&#8221; header_font_size_tablet=&#8221;40px&#8221; header_font_size_phone=&#8221;30px&#8221; header_font_size_last_edited=&#8221;on|desktop&#8221; border_color_all=&#8221;RGBA(255,255,255,0)&#8221; border_width_top=&#8221;6px&#8221; border_width_left=&#8221;10px&#8221; global_colors_info=&#8221;{}&#8221;]<\/p>\n<h1><strong>Metal<\/strong><\/h1>\n<p>[\/et_pb_text][et_pb_image src=&#8221;https:\/\/deskflex-europe.eu\/wp-content\/uploads\/2023\/04\/Deskflex-Form-und-Farbe_en1.jpg&#8221; title_text=&#8221;Deskflex-Form-und-Farbe_en1&#8243; _builder_version=&#8221;4.20.2&#8243; _module_preset=&#8221;default&#8221; custom_margin=&#8221;||0px||false|false&#8221; custom_padding=&#8221;||0px||false|false&#8221; global_colors_info=&#8221;{}&#8221;][\/et_pb_image][\/et_pb_column][et_pb_column type=&#8221;1_6&#8243; _builder_version=&#8221;4.19.0&#8243; _module_preset=&#8221;default&#8221; global_colors_info=&#8221;{}&#8221;][et_pb_text _builder_version=&#8221;4.20.2&#8243; _module_preset=&#8221;default&#8221; header_font=&#8221;||||||||&#8221; header_text_color=&#8221;#FFFFFF&#8221; header_font_size=&#8221;20px&#8221; background_color=&#8221;RGBA(255,255,255,0)&#8221; custom_margin=&#8221;||-2px|||&#8221; header_text_color_tablet=&#8221;#2f3e4f&#8221; header_text_color_phone=&#8221;#2f3e4f&#8221; header_text_color_last_edited=&#8221;on|desktop&#8221; header_font_size_tablet=&#8221;40px&#8221; header_font_size_phone=&#8221;30px&#8221; header_font_size_last_edited=&#8221;on|desktop&#8221; border_width_top=&#8221;6px&#8221; border_color_top=&#8221;RGBA(255,255,255,0)&#8221; border_width_left=&#8221;10px&#8221; border_color_left=&#8221;RGBA(255,255,255,0)&#8221; global_colors_info=&#8221;{}&#8221;]<\/p>\n<h1><strong>Melamine Solid D\u00e9cor<\/strong><\/h1>\n<p>[\/et_pb_text][et_pb_image src=&#8221;https:\/\/deskflex-europe.eu\/wp-content\/uploads\/2023\/04\/Deskflex-Form-und-Farbe_en2.jpg&#8221; title_text=&#8221;Deskflex-Form-und-Farbe_en2&#8243; _builder_version=&#8221;4.20.2&#8243; _module_preset=&#8221;default&#8221; custom_margin=&#8221;||0px||false|false&#8221; custom_padding=&#8221;||0px||false|false&#8221; global_colors_info=&#8221;{}&#8221;][\/et_pb_image][\/et_pb_column][et_pb_column type=&#8221;1_6&#8243; _builder_version=&#8221;4.19.0&#8243; _module_preset=&#8221;default&#8221; global_colors_info=&#8221;{}&#8221;][et_pb_text _builder_version=&#8221;4.20.2&#8243; _module_preset=&#8221;default&#8221; header_font=&#8221;||||||||&#8221; header_text_color=&#8221;#FFFFFF&#8221; header_font_size=&#8221;20px&#8221; background_color=&#8221;RGBA(255,255,255,0)&#8221; custom_margin=&#8221;||-2px|||&#8221; header_text_color_tablet=&#8221;#2f3e4f&#8221; header_text_color_phone=&#8221;#2f3e4f&#8221; header_text_color_last_edited=&#8221;on|desktop&#8221; header_font_size_tablet=&#8221;40px&#8221; header_font_size_phone=&#8221;30px&#8221; header_font_size_last_edited=&#8221;on|desktop&#8221; border_width_top=&#8221;6px&#8221; border_color_top=&#8221;RGBA(255,255,255,0)&#8221; border_width_left=&#8221;10px&#8221; border_color_left=&#8221;RGBA(255,255,255,0)&#8221; global_colors_info=&#8221;{}&#8221;]<\/p>\n<h1><strong>Melamine wood decor<\/strong><\/h1>\n<p>[\/et_pb_text][et_pb_image src=&#8221;https:\/\/deskflex-europe.eu\/wp-content\/uploads\/2023\/04\/Deskflex-Form-und-Farbe_en3.jpg&#8221; title_text=&#8221;Deskflex-Form-und-Farbe_en3&#8243; _builder_version=&#8221;4.20.2&#8243; _module_preset=&#8221;default&#8221; global_colors_info=&#8221;{}&#8221;][\/et_pb_image][et_pb_text _builder_version=&#8221;4.20.2&#8243; _module_preset=&#8221;default&#8221; text_text_color=&#8221;#FFFFFF&#8221; text_font_size=&#8221;13px&#8221; header_2_font=&#8221;|700|||||||&#8221; header_2_text_color=&#8221;#2f3e4f&#8221; header_2_line_height=&#8221;1.3em&#8221; background_enable_color=&#8221;off&#8221; custom_margin=&#8221;0px||40px||false|false&#8221; custom_padding=&#8221;0px||0px||false|false&#8221; border_width_all=&#8221;12px&#8221; border_color_all=&#8221;rgba(255,255,255,0.05)&#8221; global_colors_info=&#8221;{}&#8221;]<\/p>\n<p>Choice of colours and materials according to the manufacturer\u2019s collection.<\/p>\n<p>[\/et_pb_text][\/et_pb_column][\/et_pb_row][\/et_pb_section]<\/p>\n","protected":false},"excerpt":{"rendered":"<p>Deskflex The modular system for multi-screen workstations for control rooms, control stations and trading areas. DESKFLEX the modular, ergonomic and expandable building block system solves all your functional, ergonomic and aesthetic requirements for workstations with multi-screen applications. In following the principle of sustainability, current and standard furniture can be added to and integrated into the [&hellip;]<\/p>\n","protected":false},"author":1,"featured_media":0,"parent":0,"menu_order":0,"comment_status":"closed","ping_status":"closed","template":"","meta":{"_et_pb_use_builder":"on","_et_pb_old_content":"<p>[et_pb_section fb_built=\"1\" admin_label=\"DEUTSCH - Das modulare System f\u00fcr Multi-Screen-Arbeitspl\u00e4tze\" module_id=\"modular\" _builder_version=\"4.20.2\" _module_preset=\"default\" background_image=\"https:\/\/deskflex-europe.eu\/wp-content\/uploads\/2022\/11\/3.jpg\" min_height=\"1000px\" hover_enabled=\"0\" global_colors_info=\"{}\" sticky_enabled=\"0\"][et_pb_row column_structure=\"1_3,1_3,1_3\" _builder_version=\"4.19.0\" _module_preset=\"default\" max_width=\"1600px\" global_colors_info=\"{}\"][et_pb_column type=\"1_3\" _builder_version=\"4.19.0\" _module_preset=\"default\" global_colors_info=\"{}\"][et_pb_text _builder_version=\"4.19.0\" _module_preset=\"default\" header_font=\"|||on|||||\" header_text_color=\"#FFFFFF\" header_font_size=\"40px\" background_color=\"#2f3e4f\" custom_margin=\"||-2px|||\" header_text_color_tablet=\"#2f3e4f\" header_text_color_phone=\"#FFFFFF\" header_text_color_last_edited=\"on|desktop\" header_font_size_tablet=\"40px\" header_font_size_phone=\"30px\" header_font_size_last_edited=\"on|phone\" border_width_top=\"6px\" border_color_top=\"#2f3e4f\" border_width_left=\"10px\" border_color_left=\"#2f3e4f\" global_colors_info=\"{}\"]<\/p><h1><b>Desk<em>flex<\/em><br \/><\/b><\/h1><p>[\/et_pb_text][et_pb_text content_tablet=\"<\/p><h2>Das modulare System f\u00fcr Multi-Screen-Arbeitspl\u00e4tze<\/h2><p>f\u00fcr Leitstand, Kontroll- und Handelsr\u00e4ume.<\/p><p><strong>DESK<em>FLEX<\/em><\/strong> das modulare, ergonomische und erweiterbare Baukastensystem l\u00f6st alle Anforderungen an Ihre funktionalen, ergonomischen und \u00e4sthetischen Anspr\u00fcche f\u00fcr<br \/>Arbeitspl\u00e4tze mit Multi-Screen-Anwendung.<\/p><p>Dem Prinzip der Nachhaltigkeit folgend k\u00f6nnen am Grundmodul der Basiskonsole selbst Bestands- und Standardm\u00f6bel an- und eingebunden oder eine komplexe Gesamtl\u00f6sung individuell neu gestaltet werden.<\/p><p>Das <strong>DESK<em>FLEX<\/em><\/strong> Baukastensystem steht deshalb im Preis- Leistungsverh\u00e4ltnis an erster Stelle.<\/p><p>\" content_phone=\"<\/p><h2>Das modulare System f\u00fcr Multi-Screen-Arbeitspl\u00e4tze<\/h2><p>f\u00fcr Leitstand, Kontroll- und Handelsr\u00e4ume.<\/p><p><strong>DESK<em>FLEX<\/em><\/strong> das modulare, ergonomische und erweiterbare Baukastensystem l\u00f6st alle Anforderungen an Ihre funktionalen, ergonomischen und \u00e4sthetischen Anspr\u00fcche f\u00fcr<br \/>Arbeitspl\u00e4tze mit Multi-Screen-Anwendung.<\/p><p>Dem Prinzip der Nachhaltigkeit folgend k\u00f6nnen am Grundmodul der Basiskonsole selbst Bestands- und Standardm\u00f6bel an- und eingebunden oder eine komplexe Gesamtl\u00f6sung individuell neu gestaltet werden.<\/p><p>Das <strong>DESK<em>FLEX<\/em><\/strong> Baukastensystem steht deshalb im Preis- Leistungsverh\u00e4ltnis an erster Stelle.<\/p><p>\" content_last_edited=\"on|phone\" _builder_version=\"4.20.2\" _module_preset=\"default\" text_text_color=\"#000000\" text_font_size=\"18px\" header_2_font=\"|700|||||||\" header_2_text_color=\"#2f3e4f\" header_2_line_height=\"1.3em\" background_color=\"rgba(255,255,255,0.77)\" border_width_all=\"12px\" border_color_all=\"rgba(255,255,255,0.05)\" global_colors_info=\"{}\"]<\/p><h2>Das modulare System f\u00fcr Multi-Screen-Arbeitspl\u00e4tze<\/h2><p>f\u00fcr Leitstand, Kontroll- und Handelsr\u00e4ume.<\/p><p><strong>DESK<em>FLEX<\/em><\/strong> das modulare, ergonomische und erweiterbare Baukastensystem l\u00f6st alle Anforderungen an Ihre\u00a0funktionalen, ergonomischen und\u00a0\u00e4sthetischen Anspr\u00fcche f\u00fcr<br \/>Arbeitspl\u00e4tze mit Multi-Screen-Anwendung.<\/p><p>Dem Prinzip der Nachhaltigkeit folgend k\u00f6nnen am Grundmodul der Basiskonsole selbst Bestands- und Standardm\u00f6bel an- und eingebunden oder eine komplexe Gesamtl\u00f6sung individuell neu gestaltet werden.<\/p><p>Das\u00a0<strong>DESK<em>FLEX<\/em><\/strong>\u00a0Baukastensystem steht deshalb im Preis- Leistungsverh\u00e4ltnis an erster Stelle.<\/p><p>[\/et_pb_text][\/et_pb_column][et_pb_column type=\"1_3\" _builder_version=\"4.19.0\" _module_preset=\"default\" global_colors_info=\"{}\"][\/et_pb_column][et_pb_column type=\"1_3\" _builder_version=\"4.19.0\" _module_preset=\"default\" global_colors_info=\"{}\"][\/et_pb_column][\/et_pb_row][\/et_pb_section][et_pb_section fb_built=\"1\" admin_label=\"Empfehlung\" module_id=\"empfehlung\" _builder_version=\"4.19.0\" _module_preset=\"default\" background_image=\"https:\/\/deskflex-europe.eu\/wp-content\/uploads\/2023\/01\/Empfehlung-scaled.jpg\" min_height=\"1000px\" global_colors_info=\"{}\"][et_pb_row column_structure=\"2_5,3_5\" _builder_version=\"4.19.0\" _module_preset=\"default\" max_width=\"1600px\" global_colors_info=\"{}\"][et_pb_column type=\"2_5\" _builder_version=\"4.19.0\" _module_preset=\"default\" global_colors_info=\"{}\"][et_pb_text _builder_version=\"4.19.0\" _module_preset=\"default\" header_font=\"|||on|||||\" header_text_color=\"#FFFFFF\" header_font_size=\"40px\" background_color=\"#2f3e4f\" custom_margin=\"||-2px|||\" header_text_color_tablet=\"#2f3e4f\" header_text_color_phone=\"#FFFFFF\" header_text_color_last_edited=\"on|phone\" header_font_size_tablet=\"40px\" header_font_size_phone=\"30px\" header_font_size_last_edited=\"on|desktop\" border_width_top=\"6px\" border_color_top=\"#2f3e4f\" border_width_left=\"10px\" border_color_left=\"#2f3e4f\" global_colors_info=\"{}\"]<\/p><h1><b>Unsere Empfehlung<\/b><\/h1><p>[\/et_pb_text][et_pb_text content_tablet=\"<\/p><p>Die gro\u00dfen Vorteile grunds\u00e4tzlich, bei der Entscheidung f\u00fcr die DESK<em>FLEX<\/em> System Module, liegen in der Ergonomie, in der individuellen Einstellbarkeit zwischen Arbeits- und Monitorebene, sowie in der Trennung beider Ebenen, f\u00fcr vibrations- und bildschirmfreie Arbeitsfl\u00e4chen und dynamisiert so alle Mitarbeiter\/innen und bringt diese in die richtige Arbeitsposition, egal ob sitzend oder stehend.<\/p><p>Die individuelle Gestaltung der Arbeitspl\u00e4tze und Verkabelungskomponenten schafft die technische Voraussetzung f\u00fcr die optimale und ergonomische Integration und Adaption der notwendigen Hardware und IT- bzw. TK-Infrastruktur und deren Revisionierbarkeit.<\/p><p>Schnittstellenoptimierung zwischen Architektur \/ Organisation \/ Technik und MENSCH.<\/p><p>\" content_phone=\"<\/p><p>Die gro\u00dfen Vorteile grunds\u00e4tzlich, bei der Entscheidung f\u00fcr die DESK<em>FLEX<\/em> System Module, liegen in der Ergonomie, in der individuellen Einstellbarkeit zwischen Arbeits- und Monitorebene, sowie in der Trennung beider Ebenen, f\u00fcr vibrations- und bildschirmfreie Arbeitsfl\u00e4chen und dynamisiert so alle Mitarbeiter\/innen und bringt diese in die richtige Arbeitsposition, egal ob sitzend oder stehend.<\/p><p>Die individuelle Gestaltung der Arbeitspl\u00e4tze und Verkabelungskomponenten schafft die technische Voraussetzung f\u00fcr die optimale und ergonomische Integration und Adaption der notwendigen Hardware und IT- bzw. TK-Infrastruktur und deren Revisionierbarkeit.<\/p><p>Schnittstellenoptimierung zwischen Architektur \/ Organisation \/ Technik und MENSCH.<\/p><p>\" content_last_edited=\"on|phone\" _builder_version=\"4.20.2\" _module_preset=\"default\" text_text_color=\"#000000\" text_font_size=\"18px\" header_2_font=\"|700|||||||\" header_2_text_color=\"#2f3e4f\" header_2_line_height=\"1.3em\" background_color=\"rgba(255,255,255,0.77)\" custom_margin=\"||||false|false\" custom_padding=\"||||false|false\" border_width_all=\"12px\" border_color_all=\"rgba(255,255,255,0.05)\" global_colors_info=\"{}\"]<\/p><p>Die gro\u00dfen Vorteile grunds\u00e4tzlich, bei der\u00a0Entscheidung f\u00fcr die DESK<em>FLEX<\/em> System Module, liegen in der Ergonomie, in der individuellen Einstellbarkeit zwischen Arbeits- und Monitorebene, sowie in der Trennung beider Ebenen, f\u00fcr vibrations- und bildschirmfreie Arbeitsfl\u00e4chen und dynamisiert so alle Mitarbeiter\/innen und bringt diese in die richtige Arbeitsposition, egal ob sitzend oder stehend.<\/p><p>Die individuelle Gestaltung der Arbeitspl\u00e4tze\u00a0 und Verkabelungskomponenten schafft die technische Voraussetzung f\u00fcr die optimale und ergonomische Integration und Adaption\u00a0 der notwendigen Hardware und IT- bzw. TK-Infrastruktur und deren Revisionierbarkeit.<\/p><p>Schnittstellenoptimierung zwischen Architektur \/ Organisation \/ Technik und MENSCH.<\/p><p>[\/et_pb_text][\/et_pb_column][et_pb_column type=\"3_5\" _builder_version=\"4.19.0\" _module_preset=\"default\" global_colors_info=\"{}\"][\/et_pb_column][\/et_pb_row][\/et_pb_section][et_pb_section fb_built=\"1\" admin_label=\"Umfeldgestaltung\" module_id=\"umfeldgestaltung\" _builder_version=\"4.19.0\" _module_preset=\"default\" background_image=\"https:\/\/deskflex-europe.eu\/wp-content\/uploads\/2023\/02\/HG-Arbeitsumfeld-1.jpg\" min_height=\"1000px\" custom_padding=\"54px|||||\" global_colors_info=\"{}\"][et_pb_row column_structure=\"1_3,1_3,1_3\" _builder_version=\"4.19.0\" _module_preset=\"default\" max_width=\"1600px\" custom_padding=\"||0px||false|false\" global_colors_info=\"{}\"][et_pb_column type=\"1_3\" _builder_version=\"4.19.0\" _module_preset=\"default\" global_colors_info=\"{}\"][et_pb_text _builder_version=\"4.19.0\" _module_preset=\"default\" header_font=\"|||on|||||\" header_text_color=\"#FFFFFF\" header_font_size=\"36px\" background_color=\"#2f3e4f\" custom_margin=\"||-2px|||\" header_text_color_tablet=\"#2f3e4f\" header_text_color_phone=\"#FFFFFF\" header_text_color_last_edited=\"on|desktop\" header_font_size_tablet=\"40px\" header_font_size_phone=\"27px\" header_font_size_last_edited=\"on|desktop\" border_width_top=\"6px\" border_color_top=\"#2f3e4f\" border_width_left=\"10px\" border_color_left=\"#2f3e4f\" global_colors_info=\"{}\"]<\/p><h1><b>Umfeldgestaltung<\/b><\/h1><p>[\/et_pb_text][et_pb_text _builder_version=\"4.19.0\" _module_preset=\"default\" text_text_color=\"#000000\" text_font_size=\"18px\" header_2_font=\"|700|||||||\" header_2_text_color=\"#2f3e4f\" header_2_line_height=\"1.3em\" background_color=\"rgba(255,255,255,0.77)\" custom_margin=\"||50px||false|false\" custom_padding=\"||0px||false|false\" border_width_all=\"12px\" border_color_all=\"rgba(255,255,255,0.05)\" global_colors_info=\"{}\"]<\/p><h2>Das Arbeitsumfeld<\/h2><p>Ob f\u00fcr die Unterbringung von technischen\u00a0Ger\u00e4ten oder pers\u00f6nlichen Dingen, ob f\u00fcr\u00a0die Anwendung im Desksharing oder im Flex-Office, ob Monitoring oder Meeting, DESK<em>FLEX<\/em> bietet eine Vielzahl von L\u00f6sungen f\u00fcr die ganzheitliche Arbeitsplatzgestaltung.<\/p><p>Und orientiert sich auch an den Anforderungen der Hard-und Softfakts in ergonomischen Gestaltungsfragen und ber\u00fccksichtigt dar\u00fcber alle Einflussfaktoren auch von Licht, Luft und L\u00e4rm.<\/p><p>Gerne beraten wir Sie individuell!<\/p><p>[\/et_pb_text][\/et_pb_column][et_pb_column type=\"1_3\" _builder_version=\"4.19.0\" _module_preset=\"default\" global_colors_info=\"{}\"][et_pb_image src=\"https:\/\/deskflex-europe.eu\/wp-content\/uploads\/2023\/02\/akustik-2.jpg\" title_text=\"akustik\" _builder_version=\"4.19.0\" _module_preset=\"default\" custom_margin=\"||0px||false|false\" global_colors_info=\"{}\"][\/et_pb_image][et_pb_text _builder_version=\"4.19.0\" _module_preset=\"default\" text_text_color=\"#000000\" text_font_size=\"18px\" header_2_font=\"|700|||||||\" header_2_text_color=\"#2f3e4f\" header_2_line_height=\"1.3em\" background_color=\"rgba(255,255,255,0.77)\" custom_margin=\"||50px||false|false\" custom_padding=\"||0px||false|false\" border_width_all=\"12px\" border_color_all=\"rgba(255,255,255,0.05)\" global_colors_info=\"{}\"]<\/p><h2>Akustik<\/h2><p>[\/et_pb_text][et_pb_image src=\"https:\/\/deskflex-europe.eu\/wp-content\/uploads\/2023\/02\/licht.jpg\" title_text=\"licht\" _builder_version=\"4.19.0\" _module_preset=\"default\" custom_margin=\"||0px||false|false\" global_colors_info=\"{}\"][\/et_pb_image][et_pb_text _builder_version=\"4.19.0\" _module_preset=\"default\" text_text_color=\"#000000\" text_font_size=\"18px\" header_2_font=\"|700|||||||\" header_2_text_color=\"#2f3e4f\" header_2_line_height=\"1.3em\" background_color=\"rgba(255,255,255,0.77)\" custom_margin=\"||50px||false|false\" custom_padding=\"||0px||false|false\" border_width_all=\"12px\" border_color_all=\"rgba(255,255,255,0.05)\" global_colors_info=\"{}\"]<\/p><h2>Licht<\/h2><p>[\/et_pb_text][\/et_pb_column][et_pb_column type=\"1_3\" _builder_version=\"4.19.0\" _module_preset=\"default\" global_colors_info=\"{}\"][et_pb_image src=\"https:\/\/deskflex-europe.eu\/wp-content\/uploads\/2023\/02\/24-7-Operatorstuhl.jpg\" title_text=\"24-7-Operatorstuhl\" _builder_version=\"4.19.0\" _module_preset=\"default\" custom_margin=\"||0px||false|false\" global_colors_info=\"{}\"][\/et_pb_image][et_pb_text _builder_version=\"4.19.0\" _module_preset=\"default\" text_text_color=\"#000000\" text_font_size=\"18px\" header_2_font=\"|700|||||||\" header_2_text_color=\"#2f3e4f\" header_2_line_height=\"1.3em\" background_color=\"rgba(255,255,255,0.77)\" custom_margin=\"||50px||false|false\" custom_padding=\"||0px||false|false\" border_width_all=\"12px\" border_color_all=\"rgba(255,255,255,0.05)\" global_colors_info=\"{}\"]<\/p><h2>24\/7 Operatorst\u00fchle<\/h2><p>[\/et_pb_text][et_pb_image src=\"https:\/\/deskflex-europe.eu\/wp-content\/uploads\/2023\/02\/Strom-und-Daten.jpg\" title_text=\"Strom-und-Daten\" _builder_version=\"4.19.0\" _module_preset=\"default\" custom_margin=\"||0px||false|false\" global_colors_info=\"{}\"][\/et_pb_image][et_pb_text _builder_version=\"4.19.0\" _module_preset=\"default\" text_text_color=\"#000000\" text_font_size=\"18px\" header_2_font=\"|700|||||||\" header_2_text_color=\"#2f3e4f\" header_2_line_height=\"1.3em\" background_color=\"rgba(255,255,255,0.77)\" custom_margin=\"||50px||false|false\" custom_padding=\"||0px||false|false\" border_width_all=\"12px\" border_color_all=\"rgba(255,255,255,0.05)\" global_colors_info=\"{}\"]<\/p><h2>Strom und Daten<\/h2><p>[\/et_pb_text][\/et_pb_column][\/et_pb_row][\/et_pb_section][et_pb_section fb_built=\"1\" admin_label=\"DIE DESKFLEX-ERGONOMIE\" module_id=\"ergonomie\" _builder_version=\"4.19.0\" _module_preset=\"default\" background_image=\"https:\/\/deskflex-europe.eu\/wp-content\/uploads\/2023\/02\/DSC9530-Bearbeitet-scaled.jpg\" parallax=\"on\" min_height=\"1000px\" global_colors_info=\"{}\"][et_pb_row column_structure=\"1_3,2_3\" use_custom_gutter=\"on\" gutter_width=\"2\" _builder_version=\"4.19.0\" _module_preset=\"default\" max_width=\"1600px\" global_colors_info=\"{}\"][et_pb_column type=\"1_3\" _builder_version=\"4.19.0\" _module_preset=\"default\" global_colors_info=\"{}\"][et_pb_text _builder_version=\"4.19.0\" _module_preset=\"default\" header_font=\"|||on|||||\" header_text_color=\"#FFFFFF\" header_font_size=\"40px\" background_color=\"#2f3e4f\" custom_margin=\"||-2px|||\" header_text_color_tablet=\"#2f3e4f\" header_text_color_phone=\"#FFFFFF\" header_text_color_last_edited=\"on|desktop\" header_font_size_tablet=\"40px\" header_font_size_phone=\"30px\" header_font_size_last_edited=\"on|desktop\" border_width_top=\"6px\" border_color_top=\"#2f3e4f\" border_width_left=\"10px\" border_color_left=\"#2f3e4f\" global_colors_info=\"{}\"]<\/p><h1><b>Die Desk<em>flex<\/em>-Ergonomie<br \/><\/b><\/h1><p>[\/et_pb_text][et_pb_text _builder_version=\"4.19.0\" _module_preset=\"default\" text_text_color=\"#000000\" text_font_size=\"18px\" header_2_font=\"|700|||||||\" header_2_text_color=\"#2f3e4f\" header_2_line_height=\"1.3em\" background_color=\"rgba(255,255,255,0.77)\" border_width_all=\"12px\" border_color_all=\"rgba(255,255,255,0.05)\" global_colors_info=\"{}\"]<\/p><h2>orientiert sich ausschlie\u00dflich am Menschen und an dessen Nutzungsverhalten.<\/h2><p>Dabei ber\u00fccksichtigen wir die multinationalen User in K\u00f6rpergr\u00f6\u00dfe und -proportionen ebenso wie die Anforderungen im Desksharing. Das Arbeitsverhalten zwischen Sitzen und Stehen wird dynamisiert und bringt so die Mitarbeiter in Bewegung!<\/p><p>Wir beachten die mannigfaltigen Kombinationen aus individueller Anforderung an Sehabst\u00e4nden und Sehachsen, von Beobachtungswinkel, genauso wie Bedien-, Arbeits- und Blickfeld, Greif- und Arbeitsfl\u00e4chen und beraten gerne in der Komplexit\u00e4t ganzheitlicher Einrichtungen von Arbeitsplatz und Raum mit allen ergonomischen Faktoren um Licht, Luft und L\u00e4rm.<\/p><p>[\/et_pb_text][\/et_pb_column][et_pb_column type=\"2_3\" _builder_version=\"4.19.0\" _module_preset=\"default\" global_colors_info=\"{}\"][et_pb_image src=\"https:\/\/deskflex-europe.eu\/wp-content\/uploads\/2023\/02\/5a.jpg\" title_text=\"5a\" show_bottom_space=\"off\" disabled_on=\"off|on|on\" _builder_version=\"4.19.0\" _module_preset=\"default\" custom_margin=\"||||false|false\" custom_padding=\"||||false|false\" global_colors_info=\"{}\"][\/et_pb_image][et_pb_slider _builder_version=\"4.19.0\" _module_preset=\"default\" body_font=\"Open Sans|700|||||||\" body_text_color=\"#000000\" body_font_size=\"24px\" height_tablet=\"\" height_phone=\"\" height_last_edited=\"on|desktop\" custom_margin=\"0px||||false|false\" custom_padding=\"||||false|false\" global_colors_info=\"{}\"][et_pb_slide image=\"https:\/\/deskflex-europe.eu\/wp-content\/uploads\/2022\/11\/5a.jpg\" use_bg_overlay=\"off\" use_text_overlay=\"off\" _builder_version=\"4.19.0\" _module_preset=\"default\" header_level=\"h2\" header_font=\"||||||||\" body_font=\"Open Sans|700|||||||\" body_text_color=\"#000000\" body_font_size=\"20px\" background_color=\"rgba(255,255,255,0.8)\" background_enable_color=\"on\" background_layout=\"light\" global_colors_info=\"{}\" sticky_transition=\"on\"]<\/p><p>Bei der ergonomischen Grundposition gelten die bekannten Regelwerke. Die augenentspannte Sehachse verl\u00e4uft zwischen 25 - 40\u00b0 nach unten. Der Beobachtungswinkel liegt bei 90\u00b0.<\/p><p>[\/et_pb_slide][\/et_pb_slider][et_pb_image src=\"https:\/\/deskflex-europe.eu\/wp-content\/uploads\/2022\/11\/5b.jpg\" title_text=\"5b\" show_bottom_space=\"off\" disabled_on=\"off|on|on\" _builder_version=\"4.19.0\" _module_preset=\"default\" custom_margin=\"||||false|false\" custom_padding=\"||||false|false\" global_colors_info=\"{}\"][\/et_pb_image][et_pb_slider _builder_version=\"4.19.0\" _module_preset=\"default\" body_font=\"Open Sans|700|||||||\" body_text_color=\"#000000\" body_font_size=\"24px\" custom_padding=\"||||false|false\" global_colors_info=\"{}\"][et_pb_slide image=\"https:\/\/deskflex-europe.eu\/wp-content\/uploads\/2022\/11\/5b.jpg\" use_bg_overlay=\"off\" use_text_overlay=\"off\" _builder_version=\"4.19.0\" _module_preset=\"default\" header_level=\"h2\" header_font=\"||||||||\" body_font_size=\"20px\" background_color=\"rgba(255,255,255,0.8)\" background_enable_color=\"on\" background_layout=\"light\" global_colors_info=\"{}\" sticky_transition=\"on\"]<\/p><p>Je nach K\u00f6rpersitzhaltung verschiebt sich die Sehachse ggf. nach oben und auch der Sehabstand sollte nachjustiert werden.<\/p><p>[\/et_pb_slide][\/et_pb_slider][et_pb_image src=\"https:\/\/deskflex-europe.eu\/wp-content\/uploads\/2022\/11\/5c.jpg\" title_text=\"5c\" show_bottom_space=\"off\" disabled_on=\"off|on|on\" _builder_version=\"4.19.0\" _module_preset=\"default\" custom_margin=\"||||false|false\" custom_padding=\"||||false|false\" global_colors_info=\"{}\"][\/et_pb_image][et_pb_slider _builder_version=\"4.19.0\" _module_preset=\"default\" body_font=\"Open Sans|700|||||||\" body_text_color=\"#000000\" body_font_size=\"24px\" custom_padding=\"||||false|false\" global_colors_info=\"{}\"][et_pb_slide image=\"https:\/\/deskflex-europe.eu\/wp-content\/uploads\/2022\/11\/5c.jpg\" use_bg_overlay=\"off\" use_text_overlay=\"off\" _builder_version=\"4.19.0\" _module_preset=\"default\" header_level=\"h2\" header_font=\"||||||||\" body_font_size=\"20px\" background_color=\"rgba(255,255,255,0.8)\" background_enable_color=\"on\" background_layout=\"light\" global_colors_info=\"{}\" sticky_transition=\"on\"]<\/p><p>Die Einstellungen von Sehachse, Sehabstand und Beobachtungswinkel sollten immer individuell vom Nutzer einstellbar sein! Sie richten sich nach Seheigenschaften und Monitorinhalten.<\/p><p>[\/et_pb_slide][\/et_pb_slider][et_pb_image src=\"https:\/\/deskflex-europe.eu\/wp-content\/uploads\/2022\/11\/5d.jpg\" title_text=\"5d\" show_bottom_space=\"off\" disabled_on=\"off|on|on\" _builder_version=\"4.19.0\" _module_preset=\"default\" custom_margin=\"||||false|false\" custom_padding=\"||||false|false\" global_colors_info=\"{}\"][\/et_pb_image][et_pb_slider _builder_version=\"4.19.0\" _module_preset=\"default\" body_font=\"Open Sans|700|||||||\" body_text_color=\"#000000\" body_font_size=\"24px\" custom_padding=\"||||false|false\" global_colors_info=\"{}\"][et_pb_slide image=\"https:\/\/deskflex-europe.eu\/wp-content\/uploads\/2022\/11\/5d.jpg\" use_bg_overlay=\"off\" use_text_overlay=\"off\" _builder_version=\"4.19.0\" _module_preset=\"default\" header_level=\"h2\" header_font=\"||||||||\" body_font_size=\"20px\" background_color=\"rgba(255,255,255,0.8)\" background_enable_color=\"on\" background_layout=\"light\" global_colors_info=\"{}\" sticky_transition=\"on\"]<\/p><p>Auch beim \u201eStitzen\u201c \u00e4ndert sich die augenentspannte Sehachse. Der Abstand zwischen Arbeitsh\u00f6he und Sehachse wird gr\u00f6\u00dfer.<\/p><p>[\/et_pb_slide][\/et_pb_slider][\/et_pb_column][\/et_pb_row][\/et_pb_section][et_pb_section fb_built=\"1\" admin_label=\"TECHNIK + FUNKTION \u2013 Das Grundprinzip\" module_id=\"grundprinzip\" _builder_version=\"4.19.0\" _module_preset=\"default\" background_image=\"https:\/\/deskflex-europe.eu\/wp-content\/uploads\/2022\/11\/3.jpg\" min_height=\"1000px\" global_colors_info=\"{}\"][et_pb_row column_structure=\"2_5,3_5\" use_custom_gutter=\"on\" gutter_width=\"2\" _builder_version=\"4.19.0\" _module_preset=\"default\" max_width=\"1600px\" global_colors_info=\"{}\"][et_pb_column type=\"2_5\" _builder_version=\"4.19.0\" _module_preset=\"default\" global_colors_info=\"{}\"][et_pb_text _builder_version=\"4.19.0\" _module_preset=\"default\" header_font=\"|||on|||||\" header_text_color=\"#FFFFFF\" header_font_size=\"40px\" background_color=\"#2f3e4f\" custom_margin=\"||-2px|||\" header_text_color_tablet=\"#2f3e4f\" header_text_color_phone=\"#FFFFFF\" header_text_color_last_edited=\"on|desktop\" header_font_size_tablet=\"40px\" header_font_size_phone=\"30px\" header_font_size_last_edited=\"on|desktop\" border_width_top=\"6px\" border_color_top=\"#2f3e4f\" border_width_left=\"10px\" border_color_left=\"#2f3e4f\" global_colors_info=\"{}\"]<\/p><h1><b>TECHNIk + FUNKTION<\/b><\/h1><p>[\/et_pb_text][et_pb_text _builder_version=\"4.19.0\" _module_preset=\"default\" text_text_color=\"#000000\" text_font_size=\"18px\" header_2_font=\"|700|||||||\" header_2_text_color=\"#2f3e4f\" header_2_line_height=\"1.3em\" background_color=\"rgba(255,255,255,0.77)\" custom_margin=\"||0px||false|false\" custom_padding=\"||0px||false|false\" border_width_all=\"12px\" border_color_all=\"rgba(255,255,255,0.05)\" global_colors_info=\"{}\"]<\/p><h2>Das Grundprinzip:<\/h2><p>f\u00fcr Leitstand, Kontroll- und Handelsr\u00e4ume.<\/p><p>Die Basiskonsole trennt Arbeitstisch und Monitore voneinander und wird so allen Anforderungen an die Bildschirmarbeitsplatz-Ergonomie und unterschiedlichen Usern gerecht.<\/p><p>Durch die synchronen und asynchronen Verstellm\u00f6glichkeiten von Arbeits- und Bildschirmh\u00f6hen durch die 3-Referenz-Verstelltechnik kann jeder Nutzer die f\u00fcr sich individuell optimale Arbeitssituation einstellen. Lebensqualit\u00e4t per Knopfdruck.<\/p><p>[\/et_pb_text][et_pb_text _builder_version=\"4.19.0\" _module_preset=\"default\" global_colors_info=\"{}\"]<iframe src=\"https:\/\/player.vimeo.com\/video\/756731840?h=1f039a71e2&title=0&byline=0&portrait=0\" width=\"640\" height=\"360\" frameborder=\"0\" allowfullscreen=\"allowfullscreen\" data-mce-fragment=\"1\"><\/iframe>[\/et_pb_text][\/et_pb_column][et_pb_column type=\"3_5\" _builder_version=\"4.19.0\" _module_preset=\"default\" global_colors_info=\"{}\"][et_pb_image src=\"https:\/\/deskflex-europe.eu\/wp-content\/uploads\/2023\/01\/DESKFLEX_5_a.jpg\" title_text=\"DESKFLEX_5_a\" show_in_lightbox=\"on\" _builder_version=\"4.19.0\" _module_preset=\"default\" global_colors_info=\"{}\"][\/et_pb_image][\/et_pb_column][\/et_pb_row][\/et_pb_section][et_pb_section fb_built=\"1\" admin_label=\"TECHNIK + FUNKTION \u2013 Die Basiskonsole\" module_id=\"basiskonsole\" _builder_version=\"4.19.0\" _module_preset=\"default\" background_enable_image=\"off\" min_height=\"1000px\" global_colors_info=\"{}\"][et_pb_row column_structure=\"2_5,3_5\" _builder_version=\"4.19.0\" _module_preset=\"default\" max_width=\"1600px\" custom_padding=\"||0px||false|false\" global_colors_info=\"{}\"][et_pb_column type=\"2_5\" _builder_version=\"4.19.0\" _module_preset=\"default\" global_colors_info=\"{}\"][et_pb_text _builder_version=\"4.19.0\" _module_preset=\"default\" header_font=\"|||on|||||\" header_text_color=\"#FFFFFF\" header_font_size=\"40px\" background_color=\"#2f3e4f\" custom_margin=\"||-2px|||\" header_text_color_tablet=\"#2f3e4f\" header_text_color_phone=\"#FFFFFF\" header_text_color_last_edited=\"on|desktop\" header_font_size_tablet=\"40px\" header_font_size_phone=\"30px\" header_font_size_last_edited=\"on|desktop\" border_width_top=\"6px\" border_color_top=\"#2f3e4f\" border_width_left=\"10px\" border_color_left=\"#2f3e4f\" global_colors_info=\"{}\"]<\/p><h1><b>TECHNIk + FUNKTION<\/b><\/h1><p>[\/et_pb_text][et_pb_text content_tablet=\"<\/p><h2>Die Basiskonsole:<\/h2><p>Als Einzel- oder Doppelkonsole.<\/p><p>Die Konsole mit den h\u00f6henverstellbaren Antriebsmodulen ist die Basis f\u00fcr die ergonomische Grundfunktion f\u00fcr sitzende und stehende Arbeitsweisen und nimmt gleichzeitig die Systemschienen zur Anbindung der Monitortr\u00e4gersysteme, die Kabelkan\u00e4le f\u00fcr das Kabelmanagement, die Steckerleisten zur Daten- und Stromanbindung und ggf. notwendige Tr\u00e4gersysteme f\u00fcr Rechner etc. mit auf.<\/p><p>Der H\u00f6henverstellbereich der Basiskonsole entspricht dem des Arbeitstisches. Start- und Endh\u00f6hen der Monitore sind immer \u00fcber Tischh\u00f6he reguliert durch die Einstellung am Multi-Screen-Tr\u00e4ger-System (MSTS).<\/p><p>\" content_phone=\"<\/p><h2>Die Basiskonsole:<\/h2><p>Als Einzel- oder Doppelkonsole.<\/p><p>Die Konsole mit den h\u00f6henverstellbaren Antriebsmodulen ist die Basis f\u00fcr die ergonomische Grundfunktion f\u00fcr sitzende und stehende Arbeitsweisen und nimmt gleichzeitig die Systemschienen zur Anbindung der Monitortr\u00e4gersysteme, die Kabelkan\u00e4le f\u00fcr das Kabelmanagement, die Steckerleisten zur Daten- und Stromanbindung und ggf. notwendige Tr\u00e4gersysteme f\u00fcr Rechner etc. mit auf.<\/p><p>Der H\u00f6henverstellbereich der Basiskonsole entspricht dem des Arbeitstisches. Start- und Endh\u00f6hen der Monitore sind immer \u00fcber Tischh\u00f6he reguliert durch die Einstellung am Multi-Screen-Tr\u00e4ger-System (MSTS).<\/p><p>\" content_last_edited=\"on|phone\" _builder_version=\"4.20.2\" _module_preset=\"default\" text_text_color=\"#000000\" text_font_size=\"18px\" header_2_font=\"|700|||||||\" header_2_text_color=\"#2f3e4f\" header_2_line_height=\"1.3em\" background_color=\"rgba(255,255,255,0.77)\" custom_margin=\"||0px||false|false\" custom_padding=\"||0px||false|false\" border_width_all=\"12px\" border_color_all=\"rgba(255,255,255,0.05)\" global_colors_info=\"{}\"]<\/p><h2>Die Basiskonsole:<\/h2><p>Als Einzel- oder Doppelkonsole.<\/p><p>Die Konsole mit den h\u00f6henverstellbaren\u00a0Antriebsmodulen ist die Basis f\u00fcr die\u00a0ergonomische Grundfunktion f\u00fcr sitzende und stehende Arbeitsweisen und nimmt gleichzeitig die Systemschienen zur\u00a0Anbindung der Monitortr\u00e4gersysteme,\u00a0die Kabelkan\u00e4le f\u00fcr das Kabelmanagement, die Steckerleisten zur Daten- und Stromanbindung und ggf. notwendige Tr\u00e4gersysteme f\u00fcr Rechner etc. mit auf.<\/p><p>Der H\u00f6henverstellbereich der Basiskonsole entspricht dem des Arbeitstisches. Start- und Endh\u00f6hen der Monitore sind immer \u00fcber Tischh\u00f6he reguliert durch die Einstellung am Multi-Screen-Tr\u00e4ger-System (MSTS).<\/p><p>[\/et_pb_text][\/et_pb_column][et_pb_column type=\"3_5\" _builder_version=\"4.19.0\" _module_preset=\"default\" global_colors_info=\"{}\"][et_pb_image src=\"https:\/\/deskflex-europe.eu\/wp-content\/uploads\/2023\/01\/Basiskonsole_gross-scaled.jpg\" title_text=\"Basiskonsole_gross\" show_in_lightbox=\"on\" _builder_version=\"4.19.0\" _module_preset=\"default\" global_colors_info=\"{}\"][\/et_pb_image][\/et_pb_column][\/et_pb_row][et_pb_row column_structure=\"1_3,1_3,1_3\" _builder_version=\"4.19.0\" _module_preset=\"default\" max_width=\"1600px\" custom_margin=\"||||false|false\" custom_padding=\"0px||||false|false\" global_colors_info=\"{}\"][et_pb_column type=\"1_3\" _builder_version=\"4.19.0\" _module_preset=\"default\" global_colors_info=\"{}\"][et_pb_image src=\"https:\/\/deskflex-europe.eu\/wp-content\/uploads\/2023\/01\/Basiskonsole1.jpg\" title_text=\"Basiskonsole1\" show_in_lightbox=\"on\" _builder_version=\"4.19.0\" _module_preset=\"default\" global_colors_info=\"{}\"][\/et_pb_image][\/et_pb_column][et_pb_column type=\"1_3\" _builder_version=\"4.19.0\" _module_preset=\"default\" global_colors_info=\"{}\"][et_pb_image src=\"https:\/\/deskflex-europe.eu\/wp-content\/uploads\/2023\/01\/Basiskonsole2.jpg\" title_text=\"Basiskonsole2\" show_in_lightbox=\"on\" _builder_version=\"4.19.0\" _module_preset=\"default\" global_colors_info=\"{}\"][\/et_pb_image][\/et_pb_column][et_pb_column type=\"1_3\" _builder_version=\"4.19.0\" _module_preset=\"default\" global_colors_info=\"{}\"][et_pb_image src=\"https:\/\/deskflex-europe.eu\/wp-content\/uploads\/2023\/01\/Basiskonsole3.jpg\" title_text=\"Basiskonsole3\" show_in_lightbox=\"on\" _builder_version=\"4.19.0\" _module_preset=\"default\" global_colors_info=\"{}\"][\/et_pb_image][\/et_pb_column][\/et_pb_row][\/et_pb_section][et_pb_section fb_built=\"1\" admin_label=\"TECHNIK + FUNKTION \u2013 Der Arbeitstisch\" module_id=\"arbeitstisch\" _builder_version=\"4.19.0\" _module_preset=\"default\" background_image=\"https:\/\/deskflex-europe.eu\/wp-content\/uploads\/2022\/11\/3.jpg\" min_height=\"1000px\" global_colors_info=\"{}\"][et_pb_row column_structure=\"2_5,3_5\" _builder_version=\"4.19.0\" _module_preset=\"default\" max_width=\"1600px\" global_colors_info=\"{}\"][et_pb_column type=\"2_5\" _builder_version=\"4.19.0\" _module_preset=\"default\" global_colors_info=\"{}\"][et_pb_text _builder_version=\"4.19.0\" _module_preset=\"default\" header_font=\"|||on|||||\" header_text_color=\"#FFFFFF\" header_font_size=\"40px\" background_color=\"#2f3e4f\" custom_margin=\"||-2px|||\" header_text_color_tablet=\"#2f3e4f\" header_text_color_phone=\"#FFFFFF\" header_text_color_last_edited=\"on|desktop\" header_font_size_tablet=\"40px\" header_font_size_phone=\"30px\" header_font_size_last_edited=\"on|desktop\" border_width_top=\"6px\" border_color_top=\"#2f3e4f\" border_width_left=\"10px\" border_color_left=\"#2f3e4f\" global_colors_info=\"{}\"]<\/p><h1><b>TECHNIk + FUNKTION<\/b><\/h1><p>[\/et_pb_text][et_pb_text _builder_version=\"4.19.0\" _module_preset=\"default\" text_text_color=\"#000000\" text_font_size=\"18px\" header_2_font=\"|700|||||||\" header_2_text_color=\"#2f3e4f\" header_2_line_height=\"1.3em\" background_color=\"rgba(255,255,255,0.77)\" custom_margin=\"||||false|false\" custom_padding=\"||||false|false\" border_width_all=\"12px\" border_color_all=\"rgba(255,255,255,0.05)\" global_colors_info=\"{}\"]<\/p><h2>Der Arbeitstisch:<\/h2><p>Der Arbeitstisch als eigentlicher Arbeitsbereich f\u00fcr den Nutzer steht damit solit\u00e4r, extrem stabil und vibrationsfrei. Zudem platzoptimiert, da bildschirmbefreit!<\/p><p>Die H\u00f6henverstellbarkeit des DESK<em>FLEX<\/em>-Systems reicht dabei von 650 bis 1300 mm und wird damit allen Anforderungen zur Arbeitsplatzergonomie und dem dynamischen Arbeiten gerecht. F\u00fcr alle K\u00f6rpergr\u00f6\u00dfen \u2013 selbst unter dem 5. Perzentil sowie \u00fcber dem 95. Perzentil!<\/p><p>In Form und Gr\u00f6\u00dfe werden die Tische nach Ihren individuellen Bed\u00fcrfnissen gestaltet oder entsprechen dem Standard.<\/p><p>[\/et_pb_text][\/et_pb_column][et_pb_column type=\"3_5\" _builder_version=\"4.19.0\" _module_preset=\"default\" global_colors_info=\"{}\"][\/et_pb_column][\/et_pb_row][et_pb_row column_structure=\"1_3,1_3,1_3\" _builder_version=\"4.19.0\" _module_preset=\"default\" max_width=\"1600px\" global_colors_info=\"{}\"][et_pb_column type=\"1_3\" _builder_version=\"4.19.0\" _module_preset=\"default\" global_colors_info=\"{}\"][et_pb_image src=\"https:\/\/deskflex-europe.eu\/wp-content\/uploads\/2023\/01\/DSC9607-Bearbeitet.jpg\" title_text=\"_DSC9607-Bearbeitet\" _builder_version=\"4.19.0\" _module_preset=\"default\" custom_margin=\"||0px||false|false\" global_colors_info=\"{}\"][\/et_pb_image][et_pb_text _builder_version=\"4.19.0\" _module_preset=\"default\" text_text_color=\"#000000\" text_font_size=\"18px\" header_2_font=\"|700|||||||\" header_2_text_color=\"#2f3e4f\" header_2_line_height=\"1.3em\" background_color=\"rgba(255,255,255,0.77)\" custom_margin=\"0px||||false|false\" custom_padding=\"||||false|false\" border_width_all=\"12px\" border_color_all=\"rgba(255,255,255,0.05)\" global_colors_info=\"{}\"]<\/p><p>Antikollision: Abstandshalter f\u00fcr<br \/>Arbeitstisch und Basiskonsole<\/p><p>[\/et_pb_text][\/et_pb_column][et_pb_column type=\"1_3\" _builder_version=\"4.19.0\" _module_preset=\"default\" global_colors_info=\"{}\"][\/et_pb_column][et_pb_column type=\"1_3\" _builder_version=\"4.19.0\" _module_preset=\"default\" global_colors_info=\"{}\"][et_pb_divider show_divider=\"off\" _builder_version=\"4.19.0\" _module_preset=\"default\" height=\"100px\" global_colors_info=\"{}\"][\/et_pb_divider][et_pb_image src=\"https:\/\/deskflex-europe.eu\/wp-content\/uploads\/2023\/01\/DSC9521-Bearbeitet-1-scaled.jpg\" title_text=\"_DSC9521-Bearbeitet-(1)\" show_in_lightbox=\"on\" _builder_version=\"4.19.0\" _module_preset=\"default\" border_radii=\"on|3px|3px|3px|3px\" border_width_all=\"4px\" border_color_all=\"#FFFFFF\" global_colors_info=\"{}\"][\/et_pb_image][\/et_pb_column][\/et_pb_row][\/et_pb_section][et_pb_section fb_built=\"1\" admin_label=\"TECHNIK + FUNKTION \u2013 MSTS auf wei\u00df\" module_id=\"msts_1\" _builder_version=\"4.19.0\" _module_preset=\"default\" background_enable_image=\"off\" min_height=\"1000px\" global_colors_info=\"{}\"][et_pb_row column_structure=\"2_5,3_5\" _builder_version=\"4.19.0\" _module_preset=\"default\" max_width=\"1600px\" custom_padding=\"||0px||false|false\" global_colors_info=\"{}\"][et_pb_column type=\"2_5\" _builder_version=\"4.19.0\" _module_preset=\"default\" global_colors_info=\"{}\"][et_pb_text _builder_version=\"4.19.0\" _module_preset=\"default\" header_font=\"|||on|||||\" header_text_color=\"#FFFFFF\" header_font_size=\"40px\" background_color=\"#2f3e4f\" custom_margin=\"||-2px|||\" header_text_color_tablet=\"#2f3e4f\" header_text_color_phone=\"#FFFFFF\" header_text_color_last_edited=\"on|desktop\" header_font_size_tablet=\"40px\" header_font_size_phone=\"30px\" header_font_size_last_edited=\"on|desktop\" border_width_top=\"6px\" border_color_top=\"#2f3e4f\" border_width_left=\"10px\" border_color_left=\"#2f3e4f\" global_colors_info=\"{}\"]<\/p><h1><b>TECHNIk + FUNKTION<\/b><\/h1><p>[\/et_pb_text][et_pb_text _builder_version=\"4.20.2\" _module_preset=\"default\" text_text_color=\"#000000\" text_font_size=\"18px\" header_2_font=\"|700|||||||\" header_2_text_color=\"#2f3e4f\" header_2_line_height=\"1.3em\" background_color=\"rgba(255,255,255,0.77)\" custom_margin=\"||0px||false|false\" custom_padding=\"||0px||false|false\" border_width_all=\"12px\" border_color_all=\"rgba(255,255,255,0.05)\" global_colors_info=\"{}\"]<\/p><h2>Das MSTS -<br \/>Multi-Screen-Tr\u00e4gersystem<\/h2><p>besteht aus:<\/p><p>- Stativrohren adaptier- und verl\u00e4ngerbar<\/p><p>- Bildschirmschwenkarmen<\/p><p>- mit Aufnahmen im VESA-Standard und\u00a0Quickrelease<\/p><p>Diese nehmen alle Monitorgr\u00f6\u00dfe bis 32\u201c und\/oder 12 kg auf, k\u00f6nnen individuell eingestellt und optional einfach erweitert oder reduziert werden. Die integrierte Zwangskabelf\u00fchrung optimiert dabei die Arbeitssicherheit und das Erscheinungsbild.<\/p><p>[\/et_pb_text][\/et_pb_column][et_pb_column type=\"3_5\" _builder_version=\"4.19.0\" _module_preset=\"default\" global_colors_info=\"{}\"][et_pb_image src=\"https:\/\/deskflex-europe.eu\/wp-content\/uploads\/2023\/01\/MSTS-1.jpg\" title_text=\"MSTS\" show_in_lightbox=\"on\" _builder_version=\"4.19.0\" _module_preset=\"default\" global_colors_info=\"{}\"][\/et_pb_image][\/et_pb_column][\/et_pb_row][et_pb_row column_structure=\"1_2,1_2\" _builder_version=\"4.19.0\" _module_preset=\"default\" max_width=\"1600px\" custom_margin=\"||||false|false\" custom_padding=\"0px||||false|false\" global_colors_info=\"{}\"][et_pb_column type=\"1_2\" _builder_version=\"4.19.0\" _module_preset=\"default\" global_colors_info=\"{}\"][et_pb_image src=\"https:\/\/deskflex-europe.eu\/wp-content\/uploads\/2023\/01\/MSTS_1-1.jpg\" title_text=\"MSTS_1\" show_in_lightbox=\"on\" _builder_version=\"4.19.0\" _module_preset=\"default\" global_colors_info=\"{}\"][\/et_pb_image][\/et_pb_column][et_pb_column type=\"1_2\" _builder_version=\"4.19.0\" _module_preset=\"default\" global_colors_info=\"{}\"][et_pb_image src=\"https:\/\/deskflex-europe.eu\/wp-content\/uploads\/2023\/01\/MSTS_2-1.jpg\" title_text=\"MSTS_2\" show_in_lightbox=\"on\" _builder_version=\"4.19.0\" _module_preset=\"default\" global_colors_info=\"{}\"][\/et_pb_image][\/et_pb_column][\/et_pb_row][\/et_pb_section][et_pb_section fb_built=\"1\" admin_label=\"TECHNIK + FUNKTION \u2013 MSTS auf Schwarz\" module_id=\"msts_2\" _builder_version=\"4.19.0\" _module_preset=\"default\" background_color=\"#000000\" background_enable_image=\"off\" min_height=\"1000px\" global_colors_info=\"{}\"][et_pb_row column_structure=\"1_4,1_4,1_4,1_4\" use_custom_gutter=\"on\" gutter_width=\"2\" _builder_version=\"4.19.0\" _module_preset=\"default\" max_width=\"1600px\" custom_margin=\"||||false|false\" custom_padding=\"||||false|false\" global_colors_info=\"{}\"][et_pb_column type=\"1_4\" _builder_version=\"4.19.0\" _module_preset=\"default\" global_colors_info=\"{}\"][et_pb_text _builder_version=\"4.19.0\" _module_preset=\"default\" header_font=\"|||on|||||\" header_text_color=\"#FFFFFF\" background_color=\"#2f3e4f\" custom_margin=\"||-2px|||\" header_text_color_tablet=\"#2f3e4f\" header_text_color_phone=\"#FFFFFF\" header_text_color_last_edited=\"on|desktop\" header_font_size_tablet=\"40px\" header_font_size_phone=\"30px\" header_font_size_last_edited=\"on|desktop\" border_width_top=\"6px\" border_color_top=\"#2f3e4f\" border_width_left=\"10px\" border_color_left=\"#2f3e4f\" global_colors_info=\"{}\"]<\/p><h1><b>TECHNIk + FUNKTION<\/b><\/h1><p>[\/et_pb_text][et_pb_text _builder_version=\"4.19.0\" _module_preset=\"default\" text_text_color=\"#000000\" text_font_size=\"18px\" header_2_font=\"|700|||||||\" header_2_text_color=\"#2f3e4f\" header_2_line_height=\"1.3em\" background_color=\"rgba(255,255,255,0.77)\" custom_margin=\"||0px||false|false\" custom_padding=\"||0px||false|false\" border_width_all=\"12px\" border_color_all=\"rgba(255,255,255,0.05)\" global_colors_info=\"{}\"]<\/p><h2>Das MSTS \u2013<br \/>Multi-Screen-Tr\u00e4gersystem<\/h2><p>[\/et_pb_text][\/et_pb_column][et_pb_column type=\"1_4\" _builder_version=\"4.19.0\" _module_preset=\"default\" global_colors_info=\"{}\"][et_pb_image src=\"https:\/\/deskflex-europe.eu\/wp-content\/uploads\/2023\/01\/DSC9370-Bearbeitet.jpg\" title_text=\"_DSC9370-Bearbeitet\" show_in_lightbox=\"on\" _builder_version=\"4.19.0\" _module_preset=\"default\" custom_margin=\"||0px||false|false\" custom_padding=\"||0px||false|false\" global_colors_info=\"{}\"][\/et_pb_image][et_pb_text _builder_version=\"4.19.0\" _module_preset=\"default\" text_text_color=\"#000000\" text_font_size=\"18px\" header_2_font=\"|700|||||||\" header_2_text_color=\"#2f3e4f\" header_2_line_height=\"1.3em\" background_color=\"rgba(255,255,255,0.77)\" custom_margin=\"0px||0px||false|false\" custom_padding=\"0px||0px||false|false\" border_width_all=\"12px\" border_color_all=\"rgba(255,255,255,0.05)\" global_colors_info=\"{}\"]<\/p><p>Tr\u00e4gerplatte VESA-Standard<br \/>100x100 mm<\/p><p>[\/et_pb_text][\/et_pb_column][et_pb_column type=\"1_4\" _builder_version=\"4.19.0\" _module_preset=\"default\" global_colors_info=\"{}\"][et_pb_image src=\"https:\/\/deskflex-europe.eu\/wp-content\/uploads\/2023\/01\/DSC9364-Bearbeitet-3.jpg\" title_text=\"_DSC9364-Bearbeitet-3\" show_in_lightbox=\"on\" _builder_version=\"4.19.0\" _module_preset=\"default\" custom_margin=\"||0px||false|false\" custom_padding=\"||0px||false|false\" global_colors_info=\"{}\"][\/et_pb_image][et_pb_text _builder_version=\"4.19.0\" _module_preset=\"default\" text_text_color=\"#000000\" text_font_size=\"18px\" header_2_font=\"|700|||||||\" header_2_text_color=\"#2f3e4f\" header_2_line_height=\"1.3em\" background_color=\"rgba(255,255,255,0.77)\" custom_margin=\"0px||0px||false|false\" custom_padding=\"0px||0px||false|false\" border_width_all=\"12px\" border_color_all=\"rgba(255,255,255,0.05)\" global_colors_info=\"{}\"]<\/p><p>Stativrohr mit Zwangskabelf\u00fchrung und Inbus<\/p><p>[\/et_pb_text][\/et_pb_column][et_pb_column type=\"1_4\" _builder_version=\"4.19.0\" _module_preset=\"default\" global_colors_info=\"{}\"][et_pb_image src=\"https:\/\/deskflex-europe.eu\/wp-content\/uploads\/2023\/01\/DSC9364-Bearbeitet-2.jpg\" title_text=\"_DSC9364-Bearbeitet-2\" show_in_lightbox=\"on\" _builder_version=\"4.19.0\" _module_preset=\"default\" custom_margin=\"||0px||false|false\" custom_padding=\"||0px||false|false\" global_colors_info=\"{}\"][\/et_pb_image][et_pb_text _builder_version=\"4.19.0\" _module_preset=\"default\" text_text_color=\"#000000\" text_font_size=\"18px\" header_2_font=\"|700|||||||\" header_2_text_color=\"#2f3e4f\" header_2_line_height=\"1.3em\" background_color=\"rgba(255,255,255,0.77)\" custom_margin=\"0px||0px||false|false\" custom_padding=\"0px||0px||false|false\" border_width_all=\"12px\" border_color_all=\"rgba(255,255,255,0.05)\" global_colors_info=\"{}\"]<\/p><p>Doppelgelenk-Bildschirmschwenkarm<\/p><p>[\/et_pb_text][\/et_pb_column][\/et_pb_row][et_pb_row column_structure=\"1_4,1_4,1_4,1_4\" use_custom_gutter=\"on\" gutter_width=\"2\" _builder_version=\"4.19.0\" _module_preset=\"default\" max_width=\"1600px\" custom_margin=\"||||false|false\" custom_padding=\"||||false|false\" global_colors_info=\"{}\"][et_pb_column type=\"1_4\" _builder_version=\"4.19.0\" _module_preset=\"default\" global_colors_info=\"{}\"][\/et_pb_column][et_pb_column type=\"1_4\" _builder_version=\"4.19.0\" _module_preset=\"default\" global_colors_info=\"{}\"][et_pb_image src=\"https:\/\/deskflex-europe.eu\/wp-content\/uploads\/2023\/01\/DSC9364-Bearbeitet.jpg\" title_text=\"_DSC9364-Bearbeitet\" show_in_lightbox=\"on\" _builder_version=\"4.19.0\" _module_preset=\"default\" custom_margin=\"||0px||false|false\" custom_padding=\"||0px||false|false\" global_colors_info=\"{}\"][\/et_pb_image][et_pb_text _builder_version=\"4.19.0\" _module_preset=\"default\" text_text_color=\"#000000\" text_font_size=\"18px\" header_2_font=\"|700|||||||\" header_2_text_color=\"#2f3e4f\" header_2_line_height=\"1.3em\" background_color=\"rgba(255,255,255,0.77)\" custom_margin=\"0px||0px||false|false\" custom_padding=\"0px||0px||false|false\" border_width_all=\"12px\" border_color_all=\"rgba(255,255,255,0.05)\" global_colors_info=\"{}\"]<\/p><p>MSTS Stativrohr mit Bildschirmschwenkarmen\/Quick-release auf Alu-Systemschiene<\/p><p>[\/et_pb_text][\/et_pb_column][et_pb_column type=\"1_4\" _builder_version=\"4.19.0\" _module_preset=\"default\" global_colors_info=\"{}\"][et_pb_image src=\"https:\/\/deskflex-europe.eu\/wp-content\/uploads\/2023\/01\/DSC9394-Bearbeitet.jpg\" title_text=\"_DSC9394-Bearbeitet\" show_in_lightbox=\"on\" _builder_version=\"4.19.0\" _module_preset=\"default\" custom_margin=\"||0px||false|false\" custom_padding=\"||0px||false|false\" global_colors_info=\"{}\"][\/et_pb_image][et_pb_text _builder_version=\"4.19.0\" _module_preset=\"default\" text_text_color=\"#000000\" text_font_size=\"18px\" header_2_font=\"|700|||||||\" header_2_text_color=\"#2f3e4f\" header_2_line_height=\"1.3em\" background_color=\"rgba(255,255,255,0.77)\" custom_margin=\"0px||0px||false|false\" custom_padding=\"0px||0px||false|false\" border_width_all=\"12px\" border_color_all=\"rgba(255,255,255,0.05)\" global_colors_info=\"{}\"]<\/p><p>Komplettinstallation, voll verkabelt<\/p><p>[\/et_pb_text][\/et_pb_column][et_pb_column type=\"1_4\" _builder_version=\"4.19.0\" _module_preset=\"default\" global_colors_info=\"{}\"][et_pb_image src=\"https:\/\/deskflex-europe.eu\/wp-content\/uploads\/2023\/01\/DSC9405-Bearbeitet.jpg\" title_text=\"_DSC9405-Bearbeitet\" show_in_lightbox=\"on\" _builder_version=\"4.19.0\" _module_preset=\"default\" custom_margin=\"||0px||false|false\" custom_padding=\"||0px||false|false\" global_colors_info=\"{}\"][\/et_pb_image][et_pb_text _builder_version=\"4.19.0\" _module_preset=\"default\" text_text_color=\"#000000\" text_font_size=\"18px\" header_2_font=\"|700|||||||\" header_2_text_color=\"#2f3e4f\" header_2_line_height=\"1.3em\" background_color=\"rgba(255,255,255,0.77)\" custom_margin=\"0px||0px||false|false\" custom_padding=\"0px||0px||false|false\" border_width_all=\"12px\" border_color_all=\"rgba(255,255,255,0.05)\" global_colors_info=\"{}\"]<\/p><p>Komplettinstallation, voll verkabelt<\/p><p>[\/et_pb_text][\/et_pb_column][\/et_pb_row][\/et_pb_section][et_pb_section fb_built=\"1\" admin_label=\"TECHNIK + FUNKTION \u2013 Das Kabelmanagement\" module_id=\"kabelmanagement\" _builder_version=\"4.19.0\" _module_preset=\"default\" background_color=\"#000000\" background_enable_image=\"off\" min_height=\"1000px\" global_colors_info=\"{}\"][et_pb_row column_structure=\"1_3,1_3,1_3\" use_custom_gutter=\"on\" gutter_width=\"2\" _builder_version=\"4.19.0\" _module_preset=\"default\" max_width=\"1600px\" custom_margin=\"||||false|false\" custom_padding=\"||||false|false\" global_colors_info=\"{}\"][et_pb_column type=\"1_3\" _builder_version=\"4.19.0\" _module_preset=\"default\" global_colors_info=\"{}\"][et_pb_text _builder_version=\"4.19.0\" _module_preset=\"default\" header_font=\"|||on|||||\" header_text_color=\"#FFFFFF\" background_color=\"#2f3e4f\" custom_margin=\"||-2px|||\" header_text_color_tablet=\"#2f3e4f\" header_text_color_phone=\"#FFFFFF\" header_text_color_last_edited=\"on|desktop\" header_font_size_tablet=\"40px\" header_font_size_phone=\"30px\" header_font_size_last_edited=\"on|desktop\" border_width_top=\"6px\" border_color_top=\"#2f3e4f\" border_width_left=\"10px\" border_color_left=\"#2f3e4f\" global_colors_info=\"{}\"]<\/p><h1><b>TECHNIk + FUNKTION<\/b><\/h1><p>[\/et_pb_text][et_pb_text _builder_version=\"4.19.0\" _module_preset=\"default\" text_text_color=\"#000000\" text_font_size=\"18px\" header_2_font=\"|700|||||||\" header_2_text_color=\"#2f3e4f\" header_2_line_height=\"1.3em\" background_color=\"rgba(255,255,255,0.77)\" custom_margin=\"||0px||false|false\" custom_padding=\"||0px||false|false\" border_width_all=\"12px\" border_color_all=\"rgba(255,255,255,0.05)\" global_colors_info=\"{}\"]<\/p><h2>Das Kabelmanagement<\/h2><p>Aufgrund der \u00fcberproportionalen Kabelmengen bei Arbeitspl\u00e4tzen mit Multi-Screen-Anwendung empfiehlt sich auch f\u00fcr die Unterbringung von Steckerleisten zur Strom- und Datenversorgung das Kabelmanagement in einem <strong>geschlossenen Kabelkanal<\/strong> unterzubringen.<\/p><p>Kabelkan\u00e4le in unterschiedlichen Gr\u00f6\u00dfen sowie Bedien- und Revisionierbarkeiten stehen zur Unterbringung aller m\u00f6glicher Technikkomponenten zur Verf\u00fcgung bzw. werden individuell auf den Bedarf abgestimmt.<\/p><p>Die flexible Kabelf\u00fchrung zu Boden, Decke oder Wand optimiert dabei die Kabelf\u00fchrungswege, dient der Sicherheit und der Optik. Je nach Kabelmengen und Kabelf\u00fchrungswegen stehen unterschiedliche L\u00f6sungen zur Verf\u00fcgung.<\/p><p>[\/et_pb_text][\/et_pb_column][et_pb_column type=\"1_3\" _builder_version=\"4.19.0\" _module_preset=\"default\" global_colors_info=\"{}\"][et_pb_image src=\"https:\/\/deskflex-europe.eu\/wp-content\/uploads\/2023\/01\/Kabelmanagement_1.jpg\" title_text=\"Kabelmanagement_1\" show_in_lightbox=\"on\" _builder_version=\"4.19.0\" _module_preset=\"default\" custom_margin=\"||0px||false|false\" custom_padding=\"||0px||false|false\" global_colors_info=\"{}\"][\/et_pb_image][et_pb_text _builder_version=\"4.19.0\" _module_preset=\"default\" text_text_color=\"#000000\" text_font_size=\"18px\" header_2_font=\"|700|||||||\" header_2_text_color=\"#2f3e4f\" header_2_line_height=\"1.3em\" background_color=\"rgba(255,255,255,0.77)\" custom_margin=\"0px||40px||false|false\" custom_padding=\"0px||0px||false|false\" border_width_all=\"12px\" border_color_all=\"rgba(255,255,255,0.05)\" global_colors_info=\"{}\"]<\/p><p>flexible Kabelketten\u00a0<br \/>rund gro\u00df<br \/>rund klein<br \/>eckig + magnetisch<\/p><p>[\/et_pb_text][et_pb_image src=\"https:\/\/deskflex-europe.eu\/wp-content\/uploads\/2023\/01\/Kabelmanagement_3-2.jpg\" title_text=\"Kabelmanagement_3\" show_in_lightbox=\"on\" _builder_version=\"4.19.0\" _module_preset=\"default\" custom_margin=\"||0px||false|false\" custom_padding=\"||0px||false|false\" global_colors_info=\"{}\"][\/et_pb_image][et_pb_text _builder_version=\"4.19.0\" _module_preset=\"default\" text_text_color=\"#000000\" text_font_size=\"18px\" header_2_font=\"|700|||||||\" header_2_text_color=\"#2f3e4f\" header_2_line_height=\"1.3em\" background_color=\"rgba(255,255,255,0.77)\" custom_margin=\"0px||0px||false|false\" custom_padding=\"0px||0px||false|false\" border_width_all=\"12px\" border_color_all=\"rgba(255,255,255,0.05)\" global_colors_info=\"{}\"]<\/p><p>flexible, magnetische\u00a0 Kabelkette\u00a0<br \/>eckig zur Kabelf\u00fchrung am Tischgestell<\/p><p>[\/et_pb_text][\/et_pb_column][et_pb_column type=\"1_3\" _builder_version=\"4.19.0\" _module_preset=\"default\" global_colors_info=\"{}\"][et_pb_image src=\"https:\/\/deskflex-europe.eu\/wp-content\/uploads\/2023\/01\/Kabelmanagement_2.jpg\" title_text=\"Kabelmanagement_2\" show_in_lightbox=\"on\" _builder_version=\"4.19.0\" _module_preset=\"default\" custom_margin=\"||0px||false|false\" custom_padding=\"||0px||false|false\" global_colors_info=\"{}\"][\/et_pb_image][et_pb_text _builder_version=\"4.19.0\" _module_preset=\"default\" text_text_color=\"#000000\" text_font_size=\"18px\" header_2_font=\"|700|||||||\" header_2_text_color=\"#2f3e4f\" header_2_line_height=\"1.3em\" background_color=\"rgba(255,255,255,0.77)\" custom_margin=\"0px||40px||false|false\" custom_padding=\"0px||0px||false|false\" border_width_all=\"12px\" border_color_all=\"rgba(255,255,255,0.05)\" global_colors_info=\"{}\"]<\/p><p>Kabelkanal offen mit Kabeldeckel und B\u00fcrstenleisten<\/p><p>[\/et_pb_text][et_pb_image src=\"https:\/\/deskflex-europe.eu\/wp-content\/uploads\/2023\/01\/Kabelmanagement_4-1.jpg\" title_text=\"Kabelmanagement_4\" show_in_lightbox=\"on\" _builder_version=\"4.19.0\" _module_preset=\"default\" custom_margin=\"||0px||false|false\" custom_padding=\"||0px||false|false\" global_colors_info=\"{}\"][\/et_pb_image][et_pb_text _builder_version=\"4.19.0\" _module_preset=\"default\" text_text_color=\"#000000\" text_font_size=\"18px\" header_2_font=\"|700|||||||\" header_2_text_color=\"#2f3e4f\" header_2_line_height=\"1.3em\" background_color=\"rgba(255,255,255,0.77)\" custom_margin=\"0px||0px||false|false\" custom_padding=\"0px||0px||false|false\" border_width_all=\"12px\" border_color_all=\"rgba(255,255,255,0.05)\" global_colors_info=\"{}\"]<\/p><p>flexible, magnetische\u00a0 Kabelkette\u00a0<br \/>eckig zur Kabelf\u00fchrung am Tischgestell<\/p><p>[\/et_pb_text][\/et_pb_column][\/et_pb_row][\/et_pb_section][et_pb_section fb_built=\"1\" admin_label=\"TECHNIK + FUNKTION \u2013 Die Einheit\" module_id=\"einheit\" _builder_version=\"4.19.0\" _module_preset=\"default\" background_image=\"https:\/\/deskflex-europe.eu\/wp-content\/uploads\/2023\/01\/Einheit.jpg\" min_height=\"1000px\" global_colors_info=\"{}\"][et_pb_row column_structure=\"2_5,3_5\" _builder_version=\"4.19.0\" _module_preset=\"default\" max_width=\"1600px\" global_colors_info=\"{}\"][et_pb_column type=\"2_5\" _builder_version=\"4.19.0\" _module_preset=\"default\" global_colors_info=\"{}\"][et_pb_text _builder_version=\"4.19.0\" _module_preset=\"default\" header_font=\"|||on|||||\" header_text_color=\"#FFFFFF\" header_font_size=\"40px\" background_color=\"#2f3e4f\" custom_margin=\"||-2px|||\" header_text_color_tablet=\"#2f3e4f\" header_text_color_phone=\"#FFFFFF\" header_text_color_last_edited=\"on|phone\" header_font_size_tablet=\"40px\" header_font_size_phone=\"30px\" header_font_size_last_edited=\"on|desktop\" border_width_top=\"6px\" border_color_top=\"#2f3e4f\" border_width_left=\"10px\" border_color_left=\"#2f3e4f\" global_colors_info=\"{}\"]<\/p><h1><b>TECHNIk + FUNKTION<\/b><\/h1><p>[\/et_pb_text][et_pb_text _builder_version=\"4.19.0\" _module_preset=\"default\" text_text_color=\"#000000\" text_font_size=\"18px\" header_2_font=\"|700|||||||\" header_2_text_color=\"#2f3e4f\" header_2_line_height=\"1.3em\" background_color=\"rgba(255,255,255,0.77)\" custom_margin=\"||||false|false\" custom_padding=\"||||false|false\" header_text_color_tablet=\"\" header_text_color_phone=\"\" header_text_color_last_edited=\"on|phone\" border_width_all=\"12px\" border_color_all=\"rgba(255,255,255,0.05)\" global_colors_info=\"{}\"]<\/p><h2>Die Einheit<\/h2><p>Das DESK<em>FLEX<\/em> System bietet mit der Kombination aus Tisch und Konsole mit der <strong>3-Referenz-Verstelltechnik<\/strong> die einzigartige M\u00f6glichkeit zur individuellen Einstellung von Beobachtungswinkel, der individuellen augenentspannten Sehachse, den optimalen Sehabstand und \u00fcberdies f\u00fcr alle Anwender in den individuellen Arbeitspositionen die richtigen Steh-\/Sitz-Arbeitsh\u00f6hen zu realisieren.<\/p><p>Dabei kann das System \u00fcber das digitale Verstellpaneel individuell eingestellt werden und ist dabei intuitiv vom Nutzer zu bedienen.<\/p><p>[\/et_pb_text][\/et_pb_column][et_pb_column type=\"3_5\" _builder_version=\"4.19.0\" _module_preset=\"default\" global_colors_info=\"{}\"][\/et_pb_column][\/et_pb_row][et_pb_row column_structure=\"2_5,3_5\" _builder_version=\"4.19.0\" _module_preset=\"default\" max_width=\"1600px\" global_colors_info=\"{}\"][et_pb_column type=\"2_5\" _builder_version=\"4.19.0\" _module_preset=\"default\" global_colors_info=\"{}\"][et_pb_text _builder_version=\"4.19.0\" _module_preset=\"default\" text_text_color=\"#000000\" text_font_size=\"18px\" header_2_font=\"|700|||||||\" header_2_text_color=\"#2f3e4f\" header_2_line_height=\"1.3em\" background_color=\"rgba(255,255,255,0.77)\" custom_margin=\"0px||||false|false\" custom_padding=\"||||false|false\" border_width_all=\"12px\" border_color_all=\"rgba(255,255,255,0.05)\" global_colors_info=\"{}\"]<\/p><p><strong>Die 3-Referenz-Verstelltechnik:<\/strong><\/p><p><strong>Verstellreferenz 1:<\/strong><br \/>Der Nutzer kann per Knopfdruck die Basiskonsole und den Arbeitstisch synchron vom sitzenden bis in den stehenden Bereich (von 65 - 130 cm) verstellen.<\/p><p><strong>Verstellreferenz 2:<\/strong><br \/>Die Bildschirmh\u00f6he wird unabh\u00e4ngig von der Arbeitsh\u00f6he verstellt.<\/p><p><strong>Verstellreferenz 3:<\/strong><br \/>Die Arbeitsh\u00f6he wird unabh\u00e4ngig von der Bildschirmh\u00f6he verstellt.<\/p><p>[\/et_pb_text][\/et_pb_column][et_pb_column type=\"3_5\" _builder_version=\"4.19.0\" _module_preset=\"default\" global_colors_info=\"{}\"][et_pb_image src=\"https:\/\/deskflex-europe.eu\/wp-content\/uploads\/2023\/03\/DSC9583.jpg\" title_text=\"_DSC9583\" _builder_version=\"4.20.2\" _module_preset=\"default\" global_colors_info=\"{}\"][\/et_pb_image][et_pb_divider show_divider=\"off\" _builder_version=\"4.19.0\" _module_preset=\"default\" height=\"100px\" global_colors_info=\"{}\"][\/et_pb_divider][\/et_pb_column][\/et_pb_row][\/et_pb_section][et_pb_section fb_built=\"1\" admin_label=\"Deskflex Form und Farbe\" module_id=\"farbe\" _builder_version=\"4.19.0\" _module_preset=\"default\" background_color=\"#000000\" background_image=\"https:\/\/deskflex-europe.eu\/wp-content\/uploads\/2023\/01\/zeichnungen-5.jpg\" parallax=\"on\" min_height=\"1000px\" background_color_phone=\"#000000\" background_last_edited=\"on|phone\" background_enable_color_phone=\"on\" background_enable_image_phone=\"off\" global_colors_info=\"{}\"][et_pb_row column_structure=\"1_2,1_6,1_6,1_6\" use_custom_gutter=\"on\" gutter_width=\"2\" _builder_version=\"4.19.0\" _module_preset=\"default\" max_width=\"1600px\" custom_margin=\"||||false|false\" custom_padding=\"||||false|false\" global_colors_info=\"{}\"][et_pb_column type=\"1_2\" _builder_version=\"4.19.0\" _module_preset=\"default\" global_colors_info=\"{}\"][et_pb_text _builder_version=\"4.19.0\" _module_preset=\"default\" header_font=\"|||on|||||\" header_text_color=\"#FFFFFF\" header_font_size=\"40px\" background_color=\"#2f3e4f\" custom_margin=\"||-2px|||\" header_text_color_tablet=\"#2f3e4f\" header_text_color_phone=\"#FFFFFF\" header_text_color_last_edited=\"on|desktop\" header_font_size_tablet=\"40px\" header_font_size_phone=\"30px\" header_font_size_last_edited=\"on|desktop\" border_width_top=\"6px\" border_color_top=\"#2f3e4f\" border_width_left=\"10px\" border_color_left=\"#2f3e4f\" global_colors_info=\"{}\"]<\/p><h1><b>Desk<em>flex<\/em> Form und Farbe<\/b><\/h1><p>[\/et_pb_text][et_pb_text _builder_version=\"4.20.2\" _module_preset=\"default\" text_text_color=\"#000000\" text_font_size=\"18px\" header_2_font=\"|700|||||||\" header_2_text_color=\"#2f3e4f\" header_2_font_size=\"24px\" header_2_line_height=\"1.3em\" background_color=\"rgba(255,255,255,0.77)\" custom_margin=\"||0px||false|false\" custom_padding=\"||0px||false|false\" border_width_all=\"12px\" border_color_all=\"rgba(255,255,255,0.05)\" global_colors_info=\"{}\"]<\/p><p>Multi-Screen-Arbeitspl\u00e4tze werden oft in bestehende Einrichtungen eingebunden oder werden ganzheitlich neu gestaltet. Das breite Farbspektrum er\u00f6ffnet alle M\u00f6glichkeiten.<\/p><p>Die drei Basisfarben f\u00fcr die Untergestelle, in Kombination mit dem breiten Farb- und\u00a0Dekorspektrum f\u00fcr Arbeitsfl\u00e4chen und Erg\u00e4nzungsm\u00f6beln integrieren sich so in die bereits vorhandene Einrichtung oder lassen ganz neue Farb- und Gestaltungskonzepte entstehen. Dabei dominieren stets die Standardformen. Linear, ganz individuell in allen Breiten und Tiefen lieferbar, steht das DESK<em>FLEX<\/em>-System auch hier f\u00fcr h\u00f6chste Flexibilit\u00e4t und bietet dem Anwender L\u00f6sungen in gebogener oder ganz individueller Freiform.<\/p><h2>\u00a0<\/h2><h2>\u00a0<\/h2><h2>DESK<em>FLEX<\/em> \u2013 MultiScreen-Arbeitsplatzl\u00f6sungen\u00a0nach Ma\u00df!<\/h2><p>[\/et_pb_text][\/et_pb_column][et_pb_column type=\"1_6\" _builder_version=\"4.19.0\" _module_preset=\"default\" global_colors_info=\"{}\"][et_pb_text _builder_version=\"4.19.0\" _module_preset=\"default\" header_font=\"||||||||\" header_text_color=\"#FFFFFF\" header_font_size=\"20px\" background_color=\"RGBA(255,255,255,0)\" custom_margin=\"||-2px|||\" header_text_color_tablet=\"#2f3e4f\" header_text_color_phone=\"#2f3e4f\" header_text_color_last_edited=\"on|desktop\" header_font_size_tablet=\"40px\" header_font_size_phone=\"30px\" header_font_size_last_edited=\"on|desktop\" border_color_all=\"RGBA(255,255,255,0)\" border_width_top=\"6px\" border_width_left=\"10px\" global_colors_info=\"{}\"]<\/p><h1><b>Metall<\/b><\/h1><p>[\/et_pb_text][et_pb_image src=\"https:\/\/deskflex-europe.eu\/wp-content\/uploads\/2023\/01\/Deskflex-Form-und-Farbe_1.jpg\" title_text=\"Deskflex-Form-und-Farbe_1\" _builder_version=\"4.19.0\" _module_preset=\"default\" custom_margin=\"||0px||false|false\" custom_padding=\"||0px||false|false\" global_colors_info=\"{}\"][\/et_pb_image][\/et_pb_column][et_pb_column type=\"1_6\" _builder_version=\"4.19.0\" _module_preset=\"default\" global_colors_info=\"{}\"][et_pb_text _builder_version=\"4.19.0\" _module_preset=\"default\" header_font=\"||||||||\" header_text_color=\"#FFFFFF\" header_font_size=\"20px\" background_color=\"RGBA(255,255,255,0)\" custom_margin=\"||-2px|||\" header_text_color_tablet=\"#2f3e4f\" header_text_color_phone=\"#2f3e4f\" header_text_color_last_edited=\"on|desktop\" header_font_size_tablet=\"40px\" header_font_size_phone=\"30px\" header_font_size_last_edited=\"on|desktop\" border_width_top=\"6px\" border_color_top=\"RGBA(255,255,255,0)\" border_width_left=\"10px\" border_color_left=\"RGBA(255,255,255,0)\" global_colors_info=\"{}\"]<\/p><h1><b>Melamin Uni-Dekor<\/b><\/h1><p>[\/et_pb_text][et_pb_image src=\"https:\/\/deskflex-europe.eu\/wp-content\/uploads\/2023\/01\/Deskflex-Form-und-Farbe_2.jpg\" title_text=\"Deskflex-Form-und-Farbe_2\" _builder_version=\"4.19.0\" _module_preset=\"default\" custom_margin=\"||0px||false|false\" custom_padding=\"||0px||false|false\" global_colors_info=\"{}\"][\/et_pb_image][\/et_pb_column][et_pb_column type=\"1_6\" _builder_version=\"4.19.0\" _module_preset=\"default\" global_colors_info=\"{}\"][et_pb_text _builder_version=\"4.19.0\" _module_preset=\"default\" header_font=\"||||||||\" header_text_color=\"#FFFFFF\" header_font_size=\"20px\" background_color=\"RGBA(255,255,255,0)\" custom_margin=\"||-2px|||\" header_text_color_tablet=\"#2f3e4f\" header_text_color_phone=\"#2f3e4f\" header_text_color_last_edited=\"on|desktop\" header_font_size_tablet=\"40px\" header_font_size_phone=\"30px\" header_font_size_last_edited=\"on|desktop\" border_width_top=\"6px\" border_color_top=\"RGBA(255,255,255,0)\" border_width_left=\"10px\" border_color_left=\"RGBA(255,255,255,0)\" global_colors_info=\"{}\"]<\/p><h1><b>Melamin Holz-Dekor<\/b><\/h1><p>[\/et_pb_text][et_pb_image src=\"https:\/\/deskflex-europe.eu\/wp-content\/uploads\/2023\/01\/Deskflex-Form-und-Farbe_3.jpg\" title_text=\"Deskflex-Form-und-Farbe_3\" _builder_version=\"4.19.0\" _module_preset=\"default\" global_colors_info=\"{}\"][\/et_pb_image][et_pb_text _builder_version=\"4.19.0\" _module_preset=\"default\" text_text_color=\"#FFFFFF\" text_font_size=\"13px\" header_2_font=\"|700|||||||\" header_2_text_color=\"#2f3e4f\" header_2_line_height=\"1.3em\" background_enable_color=\"off\" custom_margin=\"0px||40px||false|false\" custom_padding=\"0px||0px||false|false\" border_width_all=\"12px\" border_color_all=\"rgba(255,255,255,0.05)\" global_colors_info=\"{}\"]<\/p><p>Farb-und Materialauswahl\u00a0gem. Herstellerkollektion.<\/p><p>[\/et_pb_text][\/et_pb_column][\/et_pb_row][\/et_pb_section]<\/p>","_et_gb_content_width":"","footnotes":""},"class_list":["post-775","page","type-page","status-publish","hentry"],"yoast_head":"<!-- This site is optimized with the Yoast SEO plugin v25.3.1 - https:\/\/yoast.com\/wordpress\/plugins\/seo\/ -->\n<title>Multi-Screen-Arbeitspl\u00e4tze - DESKFLEX Einrichter f\u00fcr Leitstellen, Kontrollr\u00e4ume und Handelsr\u00e4ume.<\/title>\n<meta name=\"robots\" content=\"index, follow, max-snippet:-1, max-image-preview:large, max-video-preview:-1\" \/>\n<link rel=\"canonical\" href=\"https:\/\/deskflex-europe.eu\/en\/multi-screen-arbeitsplaetze\" \/>\n<meta property=\"og:locale\" content=\"en_US\" \/>\n<meta property=\"og:type\" content=\"article\" \/>\n<meta property=\"og:title\" content=\"Multi-Screen-Arbeitspl\u00e4tze - DESKFLEX Einrichter f\u00fcr Leitstellen, Kontrollr\u00e4ume und Handelsr\u00e4ume.\" \/>\n<meta property=\"og:description\" content=\"Deskflex The modular system for multi-screen workstations for control rooms, control stations and trading areas. DESKFLEX the modular, ergonomic and expandable building block system solves all your functional, ergonomic and aesthetic requirements for workstations with multi-screen applications. In following the principle of sustainability, current and standard furniture can be added to and integrated into the [&hellip;]\" \/>\n<meta property=\"og:url\" content=\"https:\/\/deskflex-europe.eu\/en\/multi-screen-arbeitsplaetze\" \/>\n<meta property=\"og:site_name\" content=\"DESKFLEX Einrichter f\u00fcr Leitstellen, Kontrollr\u00e4ume und Handelsr\u00e4ume.\" \/>\n<meta property=\"article:modified_time\" content=\"2023-04-18T07:41:16+00:00\" \/>\n<meta name=\"twitter:card\" content=\"summary_large_image\" \/>\n<meta name=\"twitter:label1\" content=\"Est. reading time\" \/>\n\t<meta name=\"twitter:data1\" content=\"39 minutes\" \/>\n<script type=\"application\/ld+json\" class=\"yoast-schema-graph\">{\"@context\":\"https:\/\/schema.org\",\"@graph\":[{\"@type\":\"WebPage\",\"@id\":\"https:\/\/deskflex-europe.eu\/en\/multi-screen-arbeitsplaetze\",\"url\":\"https:\/\/deskflex-europe.eu\/en\/multi-screen-arbeitsplaetze\",\"name\":\"Multi-Screen-Arbeitspl\u00e4tze - DESKFLEX Einrichter f\u00fcr Leitstellen, Kontrollr\u00e4ume und Handelsr\u00e4ume.\",\"isPartOf\":{\"@id\":\"https:\/\/deskflex-europe.eu\/#website\"},\"datePublished\":\"2022-11-18T10:36:46+00:00\",\"dateModified\":\"2023-04-18T07:41:16+00:00\",\"breadcrumb\":{\"@id\":\"https:\/\/deskflex-europe.eu\/en\/multi-screen-arbeitsplaetze#breadcrumb\"},\"inLanguage\":\"en-US\",\"potentialAction\":[{\"@type\":\"ReadAction\",\"target\":[\"https:\/\/deskflex-europe.eu\/en\/multi-screen-arbeitsplaetze\"]}]},{\"@type\":\"BreadcrumbList\",\"@id\":\"https:\/\/deskflex-europe.eu\/en\/multi-screen-arbeitsplaetze#breadcrumb\",\"itemListElement\":[{\"@type\":\"ListItem\",\"position\":1,\"name\":\"Startseite\",\"item\":\"https:\/\/deskflex-europe.eu\/en\/willkommen\"},{\"@type\":\"ListItem\",\"position\":2,\"name\":\"Multi-Screen-Arbeitspl\u00e4tze\"}]},{\"@type\":\"WebSite\",\"@id\":\"https:\/\/deskflex-europe.eu\/#website\",\"url\":\"https:\/\/deskflex-europe.eu\/\",\"name\":\"DESKFLEX Einrichter f\u00fcr Leitstellen, Kontrollr\u00e4ume und Handelsr\u00e4ume.\",\"description\":\"Das modulare System f\u00fcr Bildschirmarbeitspl\u00e4tze mit Multi-Screen-Anwendung f\u00fcr Leitstellen, Kontrolltische und H\u00e4ndlertische.\",\"publisher\":{\"@id\":\"https:\/\/deskflex-europe.eu\/#organization\"},\"potentialAction\":[{\"@type\":\"SearchAction\",\"target\":{\"@type\":\"EntryPoint\",\"urlTemplate\":\"https:\/\/deskflex-europe.eu\/?s={search_term_string}\"},\"query-input\":{\"@type\":\"PropertyValueSpecification\",\"valueRequired\":true,\"valueName\":\"search_term_string\"}}],\"inLanguage\":\"en-US\"},{\"@type\":\"Organization\",\"@id\":\"https:\/\/deskflex-europe.eu\/#organization\",\"name\":\"Das modulare System f\u00fcr Bildschirmarbeitspl\u00e4tze mit Multi-Screen-Anwendung f\u00fcr Leitstellen, Kontrolltische und H\u00e4ndlertische.\",\"url\":\"https:\/\/deskflex-europe.eu\/\",\"logo\":{\"@type\":\"ImageObject\",\"inLanguage\":\"en-US\",\"@id\":\"https:\/\/deskflex-europe.eu\/#\/schema\/logo\/image\/\",\"url\":\"https:\/\/deskflex-europe.eu\/wp-content\/uploads\/2023\/02\/deskflex-logo-neu-de.png\",\"contentUrl\":\"https:\/\/deskflex-europe.eu\/wp-content\/uploads\/2023\/02\/deskflex-logo-neu-de.png\",\"width\":600,\"height\":119,\"caption\":\"Das modulare System f\u00fcr Bildschirmarbeitspl\u00e4tze mit Multi-Screen-Anwendung f\u00fcr Leitstellen, Kontrolltische und H\u00e4ndlertische.\"},\"image\":{\"@id\":\"https:\/\/deskflex-europe.eu\/#\/schema\/logo\/image\/\"}}]}<\/script>\n<!-- \/ Yoast SEO plugin. -->","yoast_head_json":{"title":"Multi-Screen-Arbeitspl\u00e4tze - DESKFLEX Einrichter f\u00fcr Leitstellen, Kontrollr\u00e4ume und Handelsr\u00e4ume.","robots":{"index":"index","follow":"follow","max-snippet":"max-snippet:-1","max-image-preview":"max-image-preview:large","max-video-preview":"max-video-preview:-1"},"canonical":"https:\/\/deskflex-europe.eu\/en\/multi-screen-arbeitsplaetze","og_locale":"en_US","og_type":"article","og_title":"Multi-Screen-Arbeitspl\u00e4tze - DESKFLEX Einrichter f\u00fcr Leitstellen, Kontrollr\u00e4ume und Handelsr\u00e4ume.","og_description":"Deskflex The modular system for multi-screen workstations for control rooms, control stations and trading areas. DESKFLEX the modular, ergonomic and expandable building block system solves all your functional, ergonomic and aesthetic requirements for workstations with multi-screen applications. In following the principle of sustainability, current and standard furniture can be added to and integrated into the [&hellip;]","og_url":"https:\/\/deskflex-europe.eu\/en\/multi-screen-arbeitsplaetze","og_site_name":"DESKFLEX Einrichter f\u00fcr Leitstellen, Kontrollr\u00e4ume und Handelsr\u00e4ume.","article_modified_time":"2023-04-18T07:41:16+00:00","twitter_card":"summary_large_image","twitter_misc":{"Est. reading time":"39 minutes"},"schema":{"@context":"https:\/\/schema.org","@graph":[{"@type":"WebPage","@id":"https:\/\/deskflex-europe.eu\/en\/multi-screen-arbeitsplaetze","url":"https:\/\/deskflex-europe.eu\/en\/multi-screen-arbeitsplaetze","name":"Multi-Screen-Arbeitspl\u00e4tze - DESKFLEX Einrichter f\u00fcr Leitstellen, Kontrollr\u00e4ume und Handelsr\u00e4ume.","isPartOf":{"@id":"https:\/\/deskflex-europe.eu\/#website"},"datePublished":"2022-11-18T10:36:46+00:00","dateModified":"2023-04-18T07:41:16+00:00","breadcrumb":{"@id":"https:\/\/deskflex-europe.eu\/en\/multi-screen-arbeitsplaetze#breadcrumb"},"inLanguage":"en-US","potentialAction":[{"@type":"ReadAction","target":["https:\/\/deskflex-europe.eu\/en\/multi-screen-arbeitsplaetze"]}]},{"@type":"BreadcrumbList","@id":"https:\/\/deskflex-europe.eu\/en\/multi-screen-arbeitsplaetze#breadcrumb","itemListElement":[{"@type":"ListItem","position":1,"name":"Startseite","item":"https:\/\/deskflex-europe.eu\/en\/willkommen"},{"@type":"ListItem","position":2,"name":"Multi-Screen-Arbeitspl\u00e4tze"}]},{"@type":"WebSite","@id":"https:\/\/deskflex-europe.eu\/#website","url":"https:\/\/deskflex-europe.eu\/","name":"DESKFLEX Einrichter f\u00fcr Leitstellen, Kontrollr\u00e4ume und Handelsr\u00e4ume.","description":"Das modulare System f\u00fcr Bildschirmarbeitspl\u00e4tze mit Multi-Screen-Anwendung f\u00fcr Leitstellen, Kontrolltische und H\u00e4ndlertische.","publisher":{"@id":"https:\/\/deskflex-europe.eu\/#organization"},"potentialAction":[{"@type":"SearchAction","target":{"@type":"EntryPoint","urlTemplate":"https:\/\/deskflex-europe.eu\/?s={search_term_string}"},"query-input":{"@type":"PropertyValueSpecification","valueRequired":true,"valueName":"search_term_string"}}],"inLanguage":"en-US"},{"@type":"Organization","@id":"https:\/\/deskflex-europe.eu\/#organization","name":"Das modulare System f\u00fcr Bildschirmarbeitspl\u00e4tze mit Multi-Screen-Anwendung f\u00fcr Leitstellen, Kontrolltische und H\u00e4ndlertische.","url":"https:\/\/deskflex-europe.eu\/","logo":{"@type":"ImageObject","inLanguage":"en-US","@id":"https:\/\/deskflex-europe.eu\/#\/schema\/logo\/image\/","url":"https:\/\/deskflex-europe.eu\/wp-content\/uploads\/2023\/02\/deskflex-logo-neu-de.png","contentUrl":"https:\/\/deskflex-europe.eu\/wp-content\/uploads\/2023\/02\/deskflex-logo-neu-de.png","width":600,"height":119,"caption":"Das modulare System f\u00fcr Bildschirmarbeitspl\u00e4tze mit Multi-Screen-Anwendung f\u00fcr Leitstellen, Kontrolltische und H\u00e4ndlertische."},"image":{"@id":"https:\/\/deskflex-europe.eu\/#\/schema\/logo\/image\/"}}]}},"_links":{"self":[{"href":"https:\/\/deskflex-europe.eu\/en\/wp-json\/wp\/v2\/pages\/775","targetHints":{"allow":["GET"]}}],"collection":[{"href":"https:\/\/deskflex-europe.eu\/en\/wp-json\/wp\/v2\/pages"}],"about":[{"href":"https:\/\/deskflex-europe.eu\/en\/wp-json\/wp\/v2\/types\/page"}],"author":[{"embeddable":true,"href":"https:\/\/deskflex-europe.eu\/en\/wp-json\/wp\/v2\/users\/1"}],"replies":[{"embeddable":true,"href":"https:\/\/deskflex-europe.eu\/en\/wp-json\/wp\/v2\/comments?post=775"}],"version-history":[{"count":37,"href":"https:\/\/deskflex-europe.eu\/en\/wp-json\/wp\/v2\/pages\/775\/revisions"}],"predecessor-version":[{"id":1082,"href":"https:\/\/deskflex-europe.eu\/en\/wp-json\/wp\/v2\/pages\/775\/revisions\/1082"}],"wp:attachment":[{"href":"https:\/\/deskflex-europe.eu\/en\/wp-json\/wp\/v2\/media?parent=775"}],"curies":[{"name":"wp","href":"https:\/\/api.w.org\/{rel}","templated":true}]}}